{"id":590,"date":"2019-01-10T17:15:28","date_gmt":"2019-01-10T17:15:28","guid":{"rendered":"http:\/\/www.movimentobloom.org.pt\/pt\/?page_id=590"},"modified":"2026-01-19T20:59:34","modified_gmt":"2026-01-19T20:59:34","slug":"sobre-nos","status":"publish","type":"page","link":"https:\/\/www.movimentobloom.org.pt\/pt\/sobre-nos\/","title":{"rendered":"Sobre n\u00f3s"},"content":{"rendered":"\n<p><strong>Qual o local em que mais gostava de brincar quando era crian\u00e7a?<\/strong><\/p>\n\n\n\n<figure class=\"wp-block-image is-resized\"><img loading=\"lazy\" decoding=\"async\" width=\"1024\" height=\"768\" src=\"http:\/\/www.movimentobloom.org.pt\/pt\/wp-content\/uploads\/2019\/01\/IMG_1823-1024x768.jpg\" alt=\"\" class=\"wp-image-48\" style=\"width:1024px;height:768px\" srcset=\"https:\/\/www.movimentobloom.org.pt\/pt\/wp-content\/uploads\/2019\/01\/IMG_1823-1024x768.jpg 1024w, https:\/\/www.movimentobloom.org.pt\/pt\/wp-content\/uploads\/2019\/01\/IMG_1823-300x225.jpg 300w, https:\/\/www.movimentobloom.org.pt\/pt\/wp-content\/uploads\/2019\/01\/IMG_1823-768x576.jpg 768w\" sizes=\"auto, (max-width: 1024px) 100vw, 1024px\" \/><\/figure>\n\n\n\n<p><strong>ERA UMA VEZ &#8230;<\/strong><\/p>\n\n\n\n<p>Um despertar, um sentimento, uma liga\u00e7\u00e3o, um gatilho um regresso \u00e0s origens.&nbsp;<\/p>\n\n\n\n<p>Uma experi\u00eancia que desencadeia uma liga\u00e7\u00e3o direta, emocional e profunda entre uma crian\u00e7a e a M\u00e3e Natureza. Dessa liga\u00e7\u00e3o nasce um sentimento \u00fanico: o Amor.&nbsp;<\/p>\n\n\n\n<p>Com o amor vem o respeito, a dedica\u00e7\u00e3o, a consci\u00eancia, a interven\u00e7\u00e3o.&nbsp;<\/p>\n\n\n\n<p>A crian\u00e7a que ama uma \u00e1rvore ou uma flor, reconhece-a como parte integrante dela.<\/p>\n\n\n\n<p><strong>Somos um movimento. Porque os movimentos movem-nos e comovem-nos!<\/strong><\/p>\n\n\n\n<p><strong>A NOSSA HIST\u00d3RIA<\/strong><\/p>\n\n\n\n<p>Somos duas\u00a0amigas de inf\u00e2ncia, a <strong>M\u00f3nica Franco<\/strong> e a <strong><a href=\"https:\/\/www.linkedin.com\/in\/magdamorbeyferro\/\">Magda Morbey Ferro<\/a> <\/strong>e brinc\u00e1mos muito na natureza, onde vivemos experi\u00eancias incr\u00edveis que ficaram para a vida.\u00a0<strong>Fomos assistindo ao desaparecimento das crian\u00e7as da rua, dos espa\u00e7os verdes, ao ar livre, onde a aventura espreita a cada esquina.<\/strong>\u00a0Decidimos, ainda jovens m\u00e3es, contrariar esta crescente realidade, que a cada dia tem consequ\u00eancias mais graves, e\u00a0<strong>fund\u00e1mos em 2010 o Movimento Bloom<\/strong>, para levar as crian\u00e7as de volta \u00e0 <strong>Natureza &#8211; a melhor sala de aula &#8211; onde podem crescer saud\u00e1veis, felizes e conscientes deste maravilhoso planeta que \u00e9 a nossa casa comum.<\/strong><\/p>\n\n\n\n<p>Temos d\u00e9cadas de experi\u00eancia no sector social, dedicadas a uma outra grande causa onde a crian\u00e7a \u00e9 tamb\u00e9m o centro da miss\u00e3o, a <strong>Opera\u00e7\u00e3o Nariz Vermelho<\/strong>.\u00a0<\/p>\n\n\n\n<p><strong>Nos 15 anos de vida do Movimento Bloom, impact\u00e1mos\u00a0mais de 596 mil crian\u00e7as,\u00a0<\/strong>atrav\u00e9s dos nossos programas l\u00fadico-pedag\u00f3gicos,\u00a0<strong>bem como milhares de pais, professores e educadores<\/strong>:<\/p>\n\n\n\n<p><strong>&#8211; Cerca de 1000 crian\u00e7as de escolas p\u00fablicas de Sintra frequentaram o nosso programa Escola da Floresta Bloom-Academia Gulbenkian de Conhecimento, gratuitamente, <\/strong>com o apoio do munic\u00edpio de Sintra e da Parques de Sintra Monte da Lua.<\/p>\n\n\n\n<p><em>&#8221; Acredito que se, nas pr\u00e1ticas educativas se envolvesse mais a natureza, ter\u00edamos alunos mais felizes e capazes. E professores tamb\u00e9m!\u201d<\/em>\u00a0Prof\u00aa Raquel Antunes<\/p>\n\n\n\n<p><strong>&#8211; Mais de 1\u00a0milhar de profissionais da \u00e1rea social, educa\u00e7\u00e3o e sa\u00fade de todo o pa\u00eds frequentaram a\u00e7\u00f5es de capacita\u00e7\u00e3o\u00a0<\/strong>na metodologia <strong>Flow Learning\u2122<\/strong>, desenvolvida pela funda\u00e7\u00e3o <strong>Sharing Nature<\/strong>, que representamos\u00a0na Europa, apoiadas pelo Munic\u00edpio de Sintra e pela Cultursintra.<\/p>\n\n\n\n<p><em>\u201cA forma\u00e7\u00e3o Forest Flow coloca-nos em contacto direto com a natureza, permitindo-nos estabelecer liga\u00e7\u00f5es com os conte\u00fados program\u00e1ticos desafiando-nos a levar a sala de aula para o ar livre, onde todos somos mais felizes e percebemos que, tamb\u00e9m n\u00f3s, somos natureza.\u201d<\/em>\u00a0Prof\u00aa Alexandra Amaro<\/p>\n\n\n\n<p><strong>&#8211; Mais de 590 mil crian\u00e7as participaram, de forma gratuita, no Dia de Aulas ao Ar Livre,<\/strong>\u00a0uma campanha internacional, coordenada desde 2018 em Portugal pelo Movimento Bloom, e que leva as crian\u00e7as a aprender fora da sala de aula, com a natureza.<\/p>\n\n\n\n<p><strong>O nosso sonho?<\/strong><\/p>\n\n\n\n<p>Que todas as crian\u00e7as vivam o seu direito a brincar, aprender e crescer em rela\u00e7\u00e3o com a nossa Natureza!<\/p>\n\n\n\n<p><strong><br>MANDAMENTOS<\/strong><\/p>\n\n\n\n<p>1.&nbsp;&nbsp; Vive e Sente a Natureza<br>2.&nbsp;&nbsp; Respeita-a De igual para igual<br>3.&nbsp;&nbsp; Sente o ritmo e magia<br>4.&nbsp;&nbsp; Desfruta da liberdade<br>5.&nbsp;&nbsp; Partilha o espa\u00e7o<br>6.&nbsp;&nbsp; Cultiva o espa\u00e7o<br>7.&nbsp;&nbsp; Voa!<br>8.&nbsp;&nbsp; Anda descal\u00e7o<br>9.&nbsp;&nbsp; Sonha!<br>10.&nbsp;N\u00e3o mates formiguinhas!<\/p>\n","protected":false},"excerpt":{"rendered":"<p>Qual o local em que mais gostava de brincar quando era crian\u00e7a? ERA UMA VEZ &#8230; Um despertar, um sentimento, uma liga\u00e7\u00e3o, um gatilho um regresso \u00e0s origens.&nbsp; Uma experi\u00eancia que desencadeia uma liga\u00e7\u00e3o direta, emocional e profunda entre uma crian\u00e7a e a M\u00e3e Natureza. Dessa liga\u00e7\u00e3o nasce um sentimento \u00fanico: o Amor.&nbsp; Com o <a href=\"https:\/\/www.movimentobloom.org.pt\/pt\/sobre-nos\/\" class=\"read-more\">Continue Reading<i class=\"ion-ios-arrow-right\"><\/i><\/a><\/p>\n","protected":false},"author":1,"featured_media":0,"parent":0,"menu_order":0,"comment_status":"closed","ping_status":"closed","template":"","meta":{"footnotes":""},"class_list":["post-590","page","type-page","status-publish","hentry"],"_links":{"self":[{"href":"https:\/\/www.movimentobloom.org.pt\/pt\/wp-json\/wp\/v2\/pages\/590","targetHints":{"allow":["GET"]}}],"collection":[{"href":"https:\/\/www.movimentobloom.org.pt\/pt\/wp-json\/wp\/v2\/pages"}],"about":[{"href":"https:\/\/www.movimentobloom.org.pt\/pt\/wp-json\/wp\/v2\/types\/page"}],"author":[{"embeddable":true,"href":"https:\/\/www.movimentobloom.org.pt\/pt\/wp-json\/wp\/v2\/users\/1"}],"replies":[{"embeddable":true,"href":"https:\/\/www.movimentobloom.org.pt\/pt\/wp-json\/wp\/v2\/comments?post=590"}],"version-history":[{"count":11,"href":"https:\/\/www.movimentobloom.org.pt\/pt\/wp-json\/wp\/v2\/pages\/590\/revisions"}],"predecessor-version":[{"id":4385,"href":"https:\/\/www.movimentobloom.org.pt\/pt\/wp-json\/wp\/v2\/pages\/590\/revisions\/4385"}],"wp:attachment":[{"href":"https:\/\/www.movimentobloom.org.pt\/pt\/wp-json\/wp\/v2\/media?parent=590"}],"curies":[{"name":"wp","href":"https:\/\/api.w.org\/{rel}","templated":true}]}}