{"id":524,"date":"2019-01-10T15:37:29","date_gmt":"2019-01-10T15:37:29","guid":{"rendered":"http:\/\/www.movimentobloom.org.pt\/pt\/?page_id=524"},"modified":"2026-01-19T16:34:06","modified_gmt":"2026-01-19T16:34:06","slug":"equipa","status":"publish","type":"page","link":"https:\/\/www.movimentobloom.org.pt\/pt\/equipa\/","title":{"rendered":"Equipa"},"content":{"rendered":"\n<figure class=\"wp-block-image size-large is-resized\"><img loading=\"lazy\" decoding=\"async\" width=\"1024\" height=\"512\" src=\"http:\/\/www.movimentobloom.org.pt\/pt\/wp-content\/uploads\/2023\/11\/imresizer-1701083676431-1024x512.jpg\" alt=\"\" class=\"wp-image-2796\" style=\"aspect-ratio:1.9994226327944573;width:796px;height:auto\" srcset=\"https:\/\/www.movimentobloom.org.pt\/pt\/wp-content\/uploads\/2023\/11\/imresizer-1701083676431-1024x512.jpg 1024w, https:\/\/www.movimentobloom.org.pt\/pt\/wp-content\/uploads\/2023\/11\/imresizer-1701083676431-300x150.jpg 300w, https:\/\/www.movimentobloom.org.pt\/pt\/wp-content\/uploads\/2023\/11\/imresizer-1701083676431-768x384.jpg 768w, https:\/\/www.movimentobloom.org.pt\/pt\/wp-content\/uploads\/2023\/11\/imresizer-1701083676431-1536x768.jpg 1536w, https:\/\/www.movimentobloom.org.pt\/pt\/wp-content\/uploads\/2023\/11\/imresizer-1701083676431-2048x1024.jpg 2048w\" sizes=\"auto, (max-width: 1024px) 100vw, 1024px\" \/><\/figure>\n\n\n\n<p><\/p>\n\n\n\n<p>A nossa equipa \u00e9 constitu\u00edda por profissionais com:<\/p>\n\n\n\n<ul class=\"wp-block-list\">\n<li>Forma\u00e7\u00e3o certificada em L\u00edder da Floresta &#8211; Forest School Leader level 3 e  level 2 pela Forest School Association UK. <\/li>\n\n\n\n<li>Forma\u00e7\u00e3o na metodologia<strong> Flow Learning<\/strong>&nbsp;\u2122<em> <\/em> pela Sharing Nature Worldwide.<\/li>\n\n\n\n<li>Curso b\u00e1sico de 1\u00bas Socorros pedi\u00e1tricos e Salvamento em locais remotos. <\/li>\n<\/ul>\n\n\n\n<p><\/p>\n\n\n\n<div class=\"wp-block-gutena-accordion gutena-accordion-block gutena-accordion-block-e231f8-4c is-layout-flow wp-block-accordion-is-layout-flow\" data-single=\"false\">\n<div class=\"wp-block-gutena-accordion-panel gutena-accordion-block__panel\">\n<div class=\"wp-block-gutena-accordion-panel-title gutena-accordion-block__panel-title\"><div class=\"gutena-accordion-block__panel-title-inner\">\n<h6 class=\"wp-block-heading has-text-align-left\" style=\"margin-top:0px;margin-right:0px;margin-bottom:0px;margin-left:0px\"><strong>M\u00f3nica Franco &#8211; Presidente da Associa\u00e7\u00e3o Movimento Bloom<br><\/strong>Sou uma entusiasta da natureza, apaixonada por promover conex\u00f5es\/liga\u00e7\u00f5es entre as pessoas e o mundo natural.<\/h6>\n<div class=\"trigger-plus-minus\"><div class=\"horizontal\"><\/div><div class=\"vertical\"><\/div><\/div><\/div><\/div>\n\n\n\n<div class=\"wp-block-gutena-accordion-panel-content gutena-accordion-block__panel-content\"><div class=\"gutena-accordion-block__panel-content-inner\">\n<p>Desde as aventuras de inf\u00e2ncia maioritariamente ao ar livre e junto ao rio perto de casa, desenvolvi um profundo amor pela natureza. Depois de me formar em rela\u00e7\u00f5es p\u00fablicas e publicidade e <strong>pedagogia Waldorf<\/strong>, trabalhar 6 em publicidade, encontrei a minha verdadeira voca\u00e7\u00e3o na defesa do meio ambiente.<br>Com mais de 15 anos de experi\u00eancia como <strong>Diretora de Angaria\u00e7\u00e3o de Fundos e Comunica\u00e7\u00e3o da Opera\u00e7\u00e3o Nariz Vermelho<\/strong>, dediquei a minha carreira a causar um impacto positivo. Paralelamente ao meu trabalho, <strong>co-fundei em 2010 o Movimento Bloom<\/strong>, <strong>coordenei a primeira escola da floresta<\/strong> em Portugal em 2018 e geri a c<strong>ampanha internacional Outdoor Classroom Day<\/strong>, contando com a participa\u00e7\u00e3o de mais de 450.000 crian\u00e7as em Portugal.<br>Como ecochange maker, acredito no poder transformador da reconex\u00e3o com a natureza. Atrav\u00e9s de <strong>forma\u00e7\u00f5es, workshops e palestras<\/strong>, inspiro as pessoas a descobrirem a sua pr\u00f3pria natureza numa jornada de autodescoberta entre as suas paisagens internas e externas.<br>Acredito que esta liga\u00e7\u00e3o cria um mundo onde a harmonia e a sustentabilidade prosperam.<\/p>\n<\/div><\/div>\n<\/div>\n\n\n\n<div class=\"wp-block-gutena-accordion-panel gutena-accordion-block__panel\">\n<div class=\"wp-block-gutena-accordion-panel-title gutena-accordion-block__panel-title\"><div class=\"gutena-accordion-block__panel-title-inner\">\n<h6 class=\"wp-block-heading has-text-align-left\" style=\"margin-top:0px;margin-right:0px;margin-bottom:0px;margin-left:0px\"><strong>Magda <strong>Morbey<\/strong><\/strong> <strong>Ferro &#8211; Vice-Presidente da Associa\u00e7\u00e3o Movimento Bloom<br><\/strong>A Natureza foi, \u00e9 e ser\u00e1 o meu porto de abrigo, perten\u00e7a e paz onde a aventura espreita e a maravilha acontece.<\/h6>\n<div class=\"trigger-plus-minus\"><div class=\"horizontal\"><\/div><div class=\"vertical\"><\/div><\/div><\/div><\/div>\n\n\n\n<div class=\"wp-block-gutena-accordion-panel-content gutena-accordion-block__panel-content\"><div class=\"gutena-accordion-block__panel-content-inner\">\n<p>As crian\u00e7as tornaram-se o centro da minha vida pessoal e profissional e dediquei-me durante v\u00e1rios anos a produzir eventos para esses pequenos grandes seres.<\/p>\n<p>Optei depois por projetos sociais que contribu\u00edssem para melhorar a sua vida, tanto no \u00e2mbito da sa\u00fade, enquanto diretora de comunica\u00e7\u00e3o e eventos da\u00a0<strong>Opera\u00e7\u00e3o Nariz Vermelho<\/strong>, como na educa\u00e7\u00e3o, como\u00a0<strong>presidente da Associa\u00e7\u00e3o de Pais da Escola Hort\u00eansia Diogo Cor\u200breia<\/strong>, onde fui respons\u00e1vel pelo\u00a0<strong>programa de atividades extra-curriculares Crescer a Tempo Inteiro<\/strong>, e estabeleci diversas parcerias, nacionais e internacionais, para trazer a natureza para a escola, nomeadamente um projeto piloto em Cascais de requalifica\u00e7\u00e3o e naturaliza\u00e7\u00e3o do espa\u00e7o de recreio da escola e o<strong>\u00a0projeto ERASMUS+<\/strong>\u00a0de\u00a0<strong>aprendizagem ao ar livre G.R.O.W.<\/strong>\u00a0\u2013 Grow our world inside out.<\/p>\n<p>Natureza &amp; Crian\u00e7as surge como a combina\u00e7\u00e3o perfeita e por isso\u00a0<strong>co fundei em 2010 o Movimento Bloom<\/strong>, como um modelo de associa\u00e7\u00e3o ambiental inovador, que promove a consci\u00eancia ambiental atrav\u00e9s de atividades onde a linguagem da crian\u00e7a, a brincadeira, desempenha um papel primordial para nascer uma conex\u00e3o emocional profunda.<\/p>\n<p>A\u00a0<strong>Escola da Floresta Bloom (Academia Conhecimento Gulbenkian)<\/strong>\u00a0que coordeno desde 2019, \u00e9 uma escola sem paredes que oferece esta oportunidade \u00fanica de contacto com a Natureza, criando mem\u00f3rias inesquec\u00edveis e futuros adultos mais conscientes e saud\u00e1veis.<\/p>\n<\/p>\n<\/div><\/div>\n<\/div>\n\n\n\n<div class=\"wp-block-gutena-accordion-panel gutena-accordion-block__panel\">\n<div class=\"wp-block-gutena-accordion-panel-title gutena-accordion-block__panel-title\"><div class=\"gutena-accordion-block__panel-title-inner\">\n<h6 class=\"wp-block-heading has-text-align-left\" style=\"margin-top:0px;margin-right:0px;margin-bottom:0px;margin-left:0px\"><strong>Filipa de Sousa Nunes &#8211; L\u00edder da Floresta<br><\/strong>A Natureza \u00e9 o entorno mais f\u00e9rtil para a conex\u00e3o com a ess\u00eancia de cada um.<\/h6>\n<div class=\"trigger-plus-minus\"><div class=\"horizontal\"><\/div><div class=\"vertical\"><\/div><\/div><\/div><\/div>\n\n\n\n<div class=\"wp-block-gutena-accordion-panel-content gutena-accordion-block__panel-content\"><div class=\"gutena-accordion-block__panel-content-inner\">\n<p>Quando estou envolvida pela Natureza, surge um sentimento de perten\u00e7a e uma limpeza de alma, num encontro com a pureza do essencial, com o meu Ser. A realidade tende a harmonizar-se, em leveza e autenticidade. Em tempos, numa escola onde trabalhei, \u00edamos semanalmente \u00e0 floresta. Estes breves momentos eram de tal forma nutritivos, para mim e para as crian\u00e7as, que a indefini\u00e7\u00e3o do futuro deu lugar \u00e0 revela\u00e7\u00e3o de um prop\u00f3sito convicto. Era aquilo que eu queria fazer a tempo inteiro. Era aquele o entorno mais f\u00e9rtil para a conex\u00e3o com a ess\u00eancia de cada um.\u00a0\u00a0<\/p>\n<p>Sou formada em Educa\u00e7\u00e3o Especial, na vertente de Psicomotricidade Instrumental e Relacional.<\/p>\n<p>Tenho um percurso de conhecimentos hol\u00edsticos, desde massagens, psicoterapia transpessoal, tantra, yoga, entre outros. Fiz cursos em Educa\u00e7\u00e3o Emocional, Pedagogia Waldorf (Antroposofia), Forest School Leader, passando tamb\u00e9m pela Pedagogia de Emerg\u00eancia. Trago a consci\u00eancia e din\u00e2mica de uma vida ligada ao desporto e artes corporais.<\/p>\n<p>Trabalhei em: campos de f\u00e9rias; departamento hospitalar de sa\u00fade mental infantil; reinser\u00e7\u00e3o social de adultos; reabilita\u00e7\u00e3o motora e cognitiva s\u00e9nior; acolhimento residencial de crian\u00e7as e jovens; jardim de inf\u00e2ncia\/escola Waldorf; compet\u00eancias emocionais\/relacionais para jovens (bullying); at\u00e9 chegar ao Movimento Bloom, em 2020.<\/p>\n<p>Atualmente, impulsiono tamb\u00e9m uma rede humana de coopera\u00e7\u00e3o e recursos, igualmente ligada \u00e0 organicidade do Ser e ao ar do exterior.<\/p>\n<\/div><\/div>\n<\/div>\n\n\n\n<div class=\"wp-block-gutena-accordion-panel gutena-accordion-block__panel\">\n<div class=\"wp-block-gutena-accordion-panel-title gutena-accordion-block__panel-title\"><div class=\"gutena-accordion-block__panel-title-inner\">\n<h6 class=\"wp-block-heading has-text-align-left\" style=\"margin-top:0px;margin-right:0px;margin-bottom:0px;margin-left:0px\"><strong>Carolina Vallejo &#8211; L\u00edder da Floresta<br><\/strong>Nasci e cresci na Col\u00f4mbia onde me iniciei no universo das pedagogias na natureza.<\/h6>\n<div class=\"trigger-plus-minus\"><div class=\"horizontal\"><\/div><div class=\"vertical\"><\/div><\/div><\/div><\/div>\n\n\n\n<div class=\"wp-block-gutena-accordion-panel-content gutena-accordion-block__panel-content\"><div class=\"gutena-accordion-block__panel-content-inner\">\n<p>Liderei programas com jovens nas altas montanhas da Cordilheira Branca no Peru, na floresta amaz\u00f4nica do Brasil e na Ilha de Providencia nas Cara\u00edbas da Col\u00f4mbia.<\/p>\n<p>Tenho forma\u00e7\u00e3o\u00a0em Adventure Based Counseling e Lideran\u00e7a em \u00c1reas Silvestres pela Opepa.org, Forest School pela Greenbow UK, Yoga para crian\u00e7as pela Sunshine Yoga, Mindful Educator Essentials pela Mindful Schools, NLP Practitioner pela Universidade de Calif\u00f3rnia, Therapeutic Skills for outdoor leaders pela Therapeutic Forest e Trauma Sensitive pela Heart Math. Trago comigo a experi\u00eancia de uma vida ligada ao alpinismo e a escalada. Atualmente trabalho tamb\u00e9m num projeto de pedagogia Waldorf ao ar livre para crian\u00e7as entre os 18 meses e os 3 anos.<\/p>\n<\/div><\/div>\n<\/div>\n\n\n\n<div class=\"wp-block-gutena-accordion-panel gutena-accordion-block__panel\">\n<div class=\"wp-block-gutena-accordion-panel-title gutena-accordion-block__panel-title\"><div class=\"gutena-accordion-block__panel-title-inner\">\n<h6 class=\"wp-block-heading has-text-align-left\" style=\"margin-top:0px;margin-right:0px;margin-bottom:0px;margin-left:0px\"><strong>Filipa Meireles &#8211; L\u00edder da Floresta<br><\/strong>A profunda conex\u00e3o com a natureza faz parte do meu crescimento e desenvolvimento desde a inf\u00e2ncia.<\/h6>\n<div class=\"trigger-plus-minus\"><div class=\"horizontal\"><\/div><div class=\"vertical\"><\/div><\/div><\/div><\/div>\n\n\n\n<div class=\"wp-block-gutena-accordion-panel-content gutena-accordion-block__panel-content\"><div class=\"gutena-accordion-block__panel-content-inner\">\n<p>Sou educadora na natureza, formada em Forest School, Desenvolvimento Consciente (crian\u00e7as e adolescentes), Forest Bathing e Into the Wild Outdoor Education.<\/p>\n<p>Profissionalmente trabalhei na natureza em diferentes momentos da vida, em \u00e1reas t\u00e3o diversas como espa\u00e7os verdes e educa\u00e7\u00e3o ambiental.<\/p>\n<p>Por volta de 2015, quando conheci a Forest School, encontrei o cruzamento perfeito entre educa\u00e7\u00e3o e natureza.<\/p>\n<p>Fiz parte da equipa que inaugurou a Escola da Floresta Bloom em 2018\/2019 e 2019\/2020, e regresso depois de um ano passado em Marv\u00e3o num projecto de Forest Kindergarden onde fui acompanhante de crian\u00e7as dos 2 aos 5 anos.<\/p>\n<p>Entre os dois projectos, participei em eventos pontuais como banhos de floresta (jovens e adultos), acampamentos com adolescentes (14 aos 17) e f\u00e9rias na floresta (6 aos 10).<\/p>\n<\/div><\/div>\n<\/div>\n\n\n\n<div class=\"wp-block-gutena-accordion-panel gutena-accordion-block__panel\">\n<div class=\"wp-block-gutena-accordion-panel-title gutena-accordion-block__panel-title\"><div class=\"gutena-accordion-block__panel-title-inner\">\n<h6 class=\"wp-block-heading has-text-align-left\" style=\"margin-top:0px;margin-right:0px;margin-bottom:0px;margin-left:0px\"><strong>Ana Moura &#8211; Comunica\u00e7\u00e3o<br><\/strong>Apaixonada por criar narrativas com impacto. Tenho experi\u00eancia em simplificar processos e a aproximar marcas e pessoas.<\/h6>\n<div class=\"trigger-plus-minus\"><div class=\"horizontal\"><\/div><div class=\"vertical\"><\/div><\/div><\/div><\/div>\n\n\n\n<div class=\"wp-block-gutena-accordion-panel-content gutena-accordion-block__panel-content\"><div class=\"gutena-accordion-block__panel-content-inner\">\n<p>Sou movida pela vontade de comunicar com autenticidade e por construir rela\u00e7\u00f5es, algo que encontra paralelo com a minha fascina\u00e7\u00e3o pela natureza e pela alegria que sinto ao ver as crian\u00e7as a serem curiosas e aventureiras.<\/p>\n<p>Enquanto respons\u00e1vel pela comunica\u00e7\u00e3o no Movimento Bloom, empenho-me em divulgar a nossa mensagem de forma que realmente impacte os nossos clientes, afastando-me de t\u00e1ticas frias ou impessoais. Aqui, cada hist\u00f3ria partilhada \u00e9 uma ponte para um mundo mais curioso e unido.<\/p>\n<\/div><\/div>\n<\/div>\n<\/div>\n\n\n\n<div style=\"height:100px\" aria-hidden=\"true\" class=\"wp-block-spacer\"><\/div>\n\n\n\n<p><\/p>\n","protected":false},"excerpt":{"rendered":"<p>A nossa equipa \u00e9 constitu\u00edda por profissionais com:<\/p>\n","protected":false},"author":1,"featured_media":0,"parent":0,"menu_order":0,"comment_status":"closed","ping_status":"closed","template":"","meta":{"footnotes":""},"class_list":["post-524","page","type-page","status-publish","hentry"],"_links":{"self":[{"href":"https:\/\/www.movimentobloom.org.pt\/pt\/wp-json\/wp\/v2\/pages\/524","targetHints":{"allow":["GET"]}}],"collection":[{"href":"https:\/\/www.movimentobloom.org.pt\/pt\/wp-json\/wp\/v2\/pages"}],"about":[{"href":"https:\/\/www.movimentobloom.org.pt\/pt\/wp-json\/wp\/v2\/types\/page"}],"author":[{"embeddable":true,"href":"https:\/\/www.movimentobloom.org.pt\/pt\/wp-json\/wp\/v2\/users\/1"}],"replies":[{"embeddable":true,"href":"https:\/\/www.movimentobloom.org.pt\/pt\/wp-json\/wp\/v2\/comments?post=524"}],"version-history":[{"count":67,"href":"https:\/\/www.movimentobloom.org.pt\/pt\/wp-json\/wp\/v2\/pages\/524\/revisions"}],"predecessor-version":[{"id":4358,"href":"https:\/\/www.movimentobloom.org.pt\/pt\/wp-json\/wp\/v2\/pages\/524\/revisions\/4358"}],"wp:attachment":[{"href":"https:\/\/www.movimentobloom.org.pt\/pt\/wp-json\/wp\/v2\/media?parent=524"}],"curies":[{"name":"wp","href":"https:\/\/api.w.org\/{rel}","templated":true}]}}