{"id":3758,"date":"2024-03-06T16:08:42","date_gmt":"2024-03-06T16:08:42","guid":{"rendered":"https:\/\/www.movimentobloom.org.pt\/pt\/?page_id=3758"},"modified":"2026-04-08T07:41:59","modified_gmt":"2026-04-08T07:41:59","slug":"nature-mentorship","status":"publish","type":"page","link":"https:\/\/www.movimentobloom.org.pt\/pt\/nature-mentorship\/","title":{"rendered":"Nature Mentorship"},"content":{"rendered":"<div id=\"pl-gb3758-69f5e6c8497ef\"  class=\"panel-layout\" ><div id=\"pg-gb3758-69f5e6c8497ef-0\"  class=\"panel-grid panel-no-style\" ><div id=\"pgc-gb3758-69f5e6c8497ef-0-0\"  class=\"panel-grid-cell\" ><div id=\"panel-gb3758-69f5e6c8497ef-0-0-0\" class=\"so-panel widget_text panel-first-child panel-last-child\" data-index=\"0\" ><h1 class=\"widget-title\">FORMA\u00c7\u00c3O FOREST FLOW<\/h1>\t\t\t<div class=\"textwidget\"><p><strong>A quem se destina? <\/strong>Forma\u00e7\u00e3o para profissionais de educa\u00e7\u00e3o e p\u00fablico em geral<\/p>\n<p><strong>O que \u00e9? <\/strong>Abordagem Forest School (UK) + Metodologia Flow Learning\u2122 (USA)<\/p>\n<\/div>\n\t\t<\/div><\/div><\/div><\/div>\n\n\n<br\/>\n\n\n<div id=\"pl-gb3758-69f5e6c84bf08\"  class=\"panel-layout\" ><div id=\"pg-gb3758-69f5e6c84bf08-0\"  class=\"panel-grid panel-no-style\" ><div id=\"pgc-gb3758-69f5e6c84bf08-0-0\"  class=\"panel-grid-cell\" ><div id=\"panel-gb3758-69f5e6c84bf08-0-0-0\" class=\"so-panel widget_sow-features panel-first-child\" data-index=\"0\" ><div\n\t\t\t\n\t\t\tclass=\"so-widget-sow-features so-widget-sow-features-default-3171776133ba-3758\"\n\t\t\t\n\t\t>\n<div class=\"sow-features-list sow-features-responsive\">\n\n\t\t\t\t\t\t\t\t\t<div\n\t\t\t\tclass=\"sow-features-feature sow-icon-container-position-top sow-features-feature-last-row\"\n\t\t\t\tstyle=\"display: flex; flex-direction: column; width: 100%;\"\n\t\t\t>\n\t\t\t\n\t\t\t\t\t\t\t\t<div\n\t\t\t\t\tclass=\"sow-icon-container sow-container-round\"\n\t\t\t\t\tstyle=\"color: #ffffff; \"\n\t\t\t\t\ttitle=\"PR\u00d3XIMAS FORMA\u00c7\u00d5ES ABERTAS\">\n\t\t\t\t\t<div class=\"sow-icon-image\" style=\"background-image: url(https:\/\/www.movimentobloom.org.pt\/pt\/wp-content\/uploads\/2022\/03\/10.png); font-size: 60px\"><\/div>\t\t\t\t<\/div>\n\t\t\t\t\n\t\t\t\t<div class=\"textwidget\">\n\t\t\t\t\t\n\t\t\t\t\t\t\t\t\t\t\t<h6>\n\t\t\t\t\t\t\t\n\t\t\t\t\t\t\tFORMA\u00c7\u00c3O SINTRA\t\t\t\t\t\t\t\t\t\t\t\t\t<\/h6>\n\t\t\t\t\t\n\t\t\t\t\t\t\t\t\t\t\t<strong>SINTRA<\/strong>\n\nForma\u00e7\u00f5es para profissionais das \u00e0reas de Educa\u00e7\u00e3o, Social e Sa\u00fade do concelho de Sintra. Forma\u00e7\u00e3o gratuita em parceria com a C\u00e2mara Municipal de Sintra.\n\nDatas de 2026:\n28 Fev e 1 Mar\u00e7o &#8211; ESGOTADO\n28 Mar\u00e7o &#8211; ESGOTADO\n18 Abril &#8211; ESGOTADO\n9 e 10 Maio &#8211; ESGOTADO\n23 Maio &#8211; ESGOTADO\n27 Junho &#8211; Ainda h\u00e1 vagas\n3 Outubro &#8211; Ainda h\u00e1 vagas\n7 Novembro &#8211; Ainda h\u00e1 vagas\t\t\t\t\t\n\t\t\t\t\t\t\t\t\t<\/div>\n\t\t\t\t\t\t\t\t\n\t\t\t\t\t\t\t<\/div>\n\n\t\t\t\n<\/div>\n<\/div><\/div><div id=\"panel-gb3758-69f5e6c84bf08-0-0-1\" class=\"so-panel widget_sow-button\" data-index=\"1\" ><div\n\t\t\t\n\t\t\tclass=\"so-widget-sow-button so-widget-sow-button-flat-2bef7610cfdb-3758\"\n\t\t\t\n\t\t><div class=\"ow-button-base ow-button-align-center\">\n\t<a\n\thref=\"mailto:gtfl@cm-sintra.pt?subject=Inscri\u00e7\u00e3o%20Forma\u00e7\u00e3o%20Forest%20Flow%20Sintra\"\n\t\tclass=\"ow-icon-placement-left ow-button-hover\" target=\"_blank\" rel=\"noopener noreferrer\" \t>\n\t\t<span>\n\t\t\t\n\t\t\tINSCRI\u00c7\u00d5ES\t\t<\/span>\n\t<\/a>\n<\/div>\n<\/div><\/div><div id=\"panel-gb3758-69f5e6c84bf08-0-0-2\" class=\"so-panel widget_text panel-last-child\" data-index=\"2\" >\t\t\t<div class=\"textwidget\"><p>Se n\u00e3o conseguir clicar no bot\u00e3o, envie email com a sua inscri\u00e7\u00e3o para <a href=\"mailto:gtfl@cm-sintra.pt\"><strong>gtfl@cm-sintra.pt<\/strong><\/a><\/p>\n<\/div>\n\t\t<\/div><\/div><div id=\"pgc-gb3758-69f5e6c84bf08-0-1\"  class=\"panel-grid-cell\" ><div id=\"panel-gb3758-69f5e6c84bf08-0-1-0\" class=\"so-panel widget_sow-features panel-first-child\" data-index=\"3\" ><div\n\t\t\t\n\t\t\tclass=\"so-widget-sow-features so-widget-sow-features-default-3171776133ba-3758\"\n\t\t\t\n\t\t>\n<div class=\"sow-features-list \">\n\n\t\t\t\t\t\t\t\t\t<div\n\t\t\t\tclass=\"sow-features-feature sow-icon-container-position-top sow-features-feature-last-row\"\n\t\t\t\tstyle=\"display: flex; flex-direction: column; width: 100%;\"\n\t\t\t>\n\t\t\t\n\t\t\t\t\t\t\t\t<div\n\t\t\t\t\tclass=\"sow-icon-container sow-container-round\"\n\t\t\t\t\tstyle=\"color: #ffffff; \"\n\t\t\t\t\ttitle=\"AGENDAR UMA FORMA\u00c7\u00c3O CUSTOMIZADA\">\n\t\t\t\t\t<div class=\"sow-icon-image\" style=\"background-image: url(https:\/\/www.movimentobloom.org.pt\/pt\/wp-content\/uploads\/2022\/03\/11.png); font-size: 60px\"><\/div>\t\t\t\t<\/div>\n\t\t\t\t\n\t\t\t\t<div class=\"textwidget\">\n\t\t\t\t\t\n\t\t\t\t\t\t\t\t\t\t\t<h6>\n\t\t\t\t\t\t\t\n\t\t\t\t\t\t\tFORMA\u00c7\u00c3O CUSTOMIZADA\t\t\t\t\t\t\t\t\t\t\t\t\t<\/h6>\n\t\t\t\t\t\n\t\t\t\t\t\t\t\t\t\t\t<strong>NACIONAL E INTERNACIONAL<\/strong>\n\nForma\u00e7\u00f5es customizadas para profissionais de educa\u00e7\u00e3o.\n\nDesenhamos forma\u00e7\u00f5es exclusivas para a\u00a0equipa docente e staff da sua escola, com base nas vossas necessidades e ambiente espec\u00edficos.\t\t\t\t\t\n\t\t\t\t\t\t\t\t\t<\/div>\n\t\t\t\t\t\t\t\t\n\t\t\t\t\t\t\t<\/div>\n\n\t\t\t\n<\/div>\n<\/div><\/div><div id=\"panel-gb3758-69f5e6c84bf08-0-1-1\" class=\"so-panel widget_sow-button panel-last-child\" data-index=\"4\" ><div\n\t\t\t\n\t\t\tclass=\"so-widget-sow-button so-widget-sow-button-flat-2bef7610cfdb-3758\"\n\t\t\t\n\t\t><div class=\"ow-button-base ow-button-align-center\">\n\t<a\n\thref=\"https:\/\/forms.gle\/KHaniKXwgH5ozv7fA\"\n\t\tclass=\"ow-icon-placement-left ow-button-hover\" target=\"_blank\" rel=\"noopener noreferrer\" \t>\n\t\t<span>\n\t\t\t\n\t\t\tSAIBA MAIS\t\t<\/span>\n\t<\/a>\n<\/div>\n<\/div><\/div><\/div><div id=\"pgc-gb3758-69f5e6c84bf08-0-2\"  class=\"panel-grid-cell\" ><div id=\"panel-gb3758-69f5e6c84bf08-0-2-0\" class=\"so-panel widget_sow-features panel-first-child\" data-index=\"5\" ><div\n\t\t\t\n\t\t\tclass=\"so-widget-sow-features so-widget-sow-features-default-0698b8d472e8-3758\"\n\t\t\t\n\t\t>\n<div class=\"sow-features-list sow-features-responsive\">\n\n\t\t\t\t\t\t\t\t\t<div\n\t\t\t\tclass=\"sow-features-feature sow-icon-container-position-top sow-features-feature-last-row\"\n\t\t\t\tstyle=\"display: flex; flex-direction: column; width: 100%;\"\n\t\t\t>\n\t\t\t\n\t\t\t\t\t\t\t\t<div\n\t\t\t\t\tclass=\"sow-icon-container sow-container-round\"\n\t\t\t\t\tstyle=\"color: #404040; \"\n\t\t\t\t\ttitle=\"FORMA\u00c7\u00c3O INTENSIVA METODOLOGIA FLOW LEARNING (USA)\">\n\t\t\t\t\t<div class=\"sow-icon-image\" style=\"background-image: url(https:\/\/www.movimentobloom.org.pt\/pt\/wp-content\/uploads\/2022\/03\/13.png); font-size: 60px\"><\/div>\t\t\t\t<\/div>\n\t\t\t\t\n\t\t\t\t<div class=\"textwidget\">\n\t\t\t\t\t\n\t\t\t\t\t\t\t\t\t\t\t<h6>\n\t\t\t\t\t\t\t\n\t\t\t\t\t\t\tSHARING OUR NATURE\t\t\t\t\t\t\t\t\t\t\t\t\t<\/h6>\n\t\t\t\t\t\n\t\t\t\t\t\t\t\t\t\t\t<p>Sharing Our Nature \u00e9 uma forma\u00e7\u00e3o intensiva com a metodologia Flow Learning (USA) de 3 dias. Local e datas a anunciar em breve<\/p>\n\t\t\t\t\t\n\t\t\t\t\t\t\t\t\t<\/div>\n\t\t\t\t\t\t\t\t\n\t\t\t\t\t\t\t<\/div>\n\n\t\t\t\n<\/div>\n<\/div><\/div><div id=\"panel-gb3758-69f5e6c84bf08-0-2-1\" class=\"so-panel widget_sow-button panel-last-child\" data-index=\"6\" ><div\n\t\t\t\n\t\t\tclass=\"so-widget-sow-button so-widget-sow-button-flat-2bef7610cfdb-3758\"\n\t\t\t\n\t\t><div class=\"ow-button-base ow-button-align-center\">\n\t<a\n\thref=\"https:\/\/docs.google.com\/forms\/d\/e\/1FAIpQLSe8RIj0MSoL1y1J_z9UfNZ7qGosVKoJQncCu2OanUUS5EKTVg\/viewform\"\n\t\tclass=\"ow-icon-placement-left ow-button-hover\" target=\"_blank\" rel=\"noopener noreferrer\" \t>\n\t\t<span>\n\t\t\t\n\t\t\tINSCRI\u00c7\u00d5ES\t\t<\/span>\n\t<\/a>\n<\/div>\n<\/div><\/div><\/div><\/div><\/div>\n\n\n<br\/>\n\n\n\n<div class=\"wp-block-gutena-accordion gutena-accordion-block gutena-accordion-block-6c29f1-00 is-layout-flow wp-block-accordion-is-layout-flow\" data-single=\"false\">\n<div class=\"wp-block-gutena-accordion-panel gutena-accordion-block__panel\">\n<div class=\"wp-block-gutena-accordion-panel-title gutena-accordion-block__panel-title\"><div class=\"gutena-accordion-block__panel-title-inner\">\n<h6 class=\"wp-block-heading has-text-align-left\" style=\"margin-top:0px;margin-right:0px;margin-bottom:0px;margin-left:0px\"><strong>METODOLOGIA E ABORDAGEM<\/strong><\/h6>\n<div class=\"trigger-plus-minus\"><div class=\"horizontal\"><\/div><div class=\"vertical\"><\/div><\/div><\/div><\/div>\n\n\n\n<div class=\"wp-block-gutena-accordion-panel-content gutena-accordion-block__panel-content\"><div class=\"gutena-accordion-block__panel-content-inner\">\n<p><strong>Forest School<\/strong>&nbsp;assenta no conceito de aprendizagem transformacional, isto \u00e9 desenhada em fun\u00e7\u00e3o das necessidades, habilidades, escolhas e interesses espec\u00edficas de cada individuo, sendo ao mesmo tempo divertida e desafiante, assente no&nbsp;<strong>Brincar, Explorar, Descobrir e Partilhar<\/strong>. Estes factores constituem a base fundamental e permitem aos formandos trabalharem compet\u00eancias intra e inter pessoais com os seus alunos.<\/p>\n\n\n\n<p><strong>Flow Learning\u2122&nbsp;<\/strong>foi desenvolvido h\u00e1 mais de 40 anos pelo&nbsp;<strong>Prof. Joseph Cornell<\/strong>&nbsp;(EUA) um dos mais respeitados educadores ambientalistas do mundo e assenta numa metologia l\u00fadico-criativa estruturada em quatro est\u00e1gios que exploram os elementos b\u00e1sicos da aprendizagem:&nbsp;<strong>Fazer, Observar, Sentir e Pensar.<\/strong><\/p>\n\n\n\n<p>A estrutura experimental e fluida desta combina\u00e7\u00e3o de metodologias ir\u00e1 ao encontro do interesse do grupo, guiando-o em dire\u00e7\u00e3o a experi\u00eancias mais enriquecedoras, e interiorizando eficazmente as aprendizagens porque resultam de atividades simples, divertidas, intelectualmente estimulantes e altamente envolventes.<\/p>\n<\/div><\/div>\n<\/div>\n<\/div>\n\n\n\n<br\/>\n\n\n\n<hr\/>\n\n\n\n<br\/>\n\n\n<div id=\"pl-gb3758-69f5e6c85e8b4\"  class=\"panel-layout\" ><div id=\"pg-gb3758-69f5e6c85e8b4-0\"  class=\"panel-grid panel-no-style\" ><div id=\"pgc-gb3758-69f5e6c85e8b4-0-0\"  class=\"panel-grid-cell\" ><div id=\"panel-gb3758-69f5e6c85e8b4-0-0-0\" class=\"so-panel widget_text panel-first-child panel-last-child\" data-index=\"0\" ><h1 class=\"widget-title\">FORMA\u00c7\u00c3O EM SHARING NATURE<\/h1>\t\t\t<div class=\"textwidget\"><p><strong>A quem se destina? <\/strong>Escolas, empresas e institui\u00e7\u00f5es com interesse em educa\u00e7\u00e3o, natureza e sustentabilidade<\/p>\n<p><strong>O que \u00e9? <\/strong>Metodologia Flow Learning da Sharing Nature<\/p>\n<p>Gostaria de experimentar o Flow Learning\u2122 e as nossas atividades na natureza? Ou partilh\u00e1-las com outras pessoas?<\/p>\n<p>Um formador Sharing Nature\u00ae ter\u00e1 o prazer em falar com o seu grupo ou organiza\u00e7\u00e3o. Os nossos formadores s\u00e3o pessoas excecionais que amam a natureza e as pessoas e que proporcionam uma uni\u00e3o de forma inesquec\u00edvel.<\/p>\n<\/div>\n\t\t<\/div><\/div><\/div><\/div>\n\n<div id=\"pl-gb3758-69f5e6c85f060\"  class=\"panel-layout\" ><div id=\"pg-gb3758-69f5e6c85f060-0\"  class=\"panel-grid panel-no-style\" ><div id=\"pgc-gb3758-69f5e6c85f060-0-0\"  class=\"panel-grid-cell\" ><div id=\"panel-gb3758-69f5e6c85f060-0-0-0\" class=\"so-panel widget_sow-features panel-first-child\" data-index=\"0\" ><div\n\t\t\t\n\t\t\tclass=\"so-widget-sow-features so-widget-sow-features-default-e1dced32557e-3758\"\n\t\t\t\n\t\t>\n<div class=\"sow-features-list sow-features-responsive\">\n\n\t\t\t\t\t\t\t\t\t<div\n\t\t\t\tclass=\"sow-features-feature sow-icon-container-position-top sow-features-feature-last-row\"\n\t\t\t\tstyle=\"display: flex; flex-direction: column; width: 100%;\"\n\t\t\t>\n\t\t\t\n\t\t\t\t\t\t\t\t<div\n\t\t\t\t\tclass=\"sow-icon-container sow-container-round\"\n\t\t\t\t\tstyle=\"color: #ffffff; \"\n\t\t\t\t\ttitle=\"FORMA\u00c7\u00c3O FLOW LEARNING BY SHARING NATURE\">\n\t\t\t\t\t<div class=\"sow-icon-image\" style=\"background-image: url(https:\/\/www.movimentobloom.org.pt\/pt\/wp-content\/uploads\/2022\/01\/4-1.png); font-size: 60px\"><\/div>\t\t\t\t<\/div>\n\t\t\t\t\n\t\t\t\t<div class=\"textwidget\">\n\t\t\t\t\t\n\t\t\t\t\t\t\t\t\t\t\t<h6>\n\t\t\t\t\t\t\t\n\t\t\t\t\t\t\tFORMA\u00c7\u00c3O FLOW LEARNING BY SHARING NATURE\t\t\t\t\t\t\t\t\t\t\t\t\t<\/h6>\n\t\t\t\t\t\n\t\t\t\t\t\t\t\t\t\t\t<p>Organize uma Forma\u00e7\u00e3o em Flow Learning com um formador certificado pela Sharing Nature.<\/p>\n\t\t\t\t\t\n\t\t\t\t\t\t\t\t\t<\/div>\n\t\t\t\t\t\t\t\t\n\t\t\t\t\t\t\t<\/div>\n\n\t\t\t\n<\/div>\n<\/div><\/div><div id=\"panel-gb3758-69f5e6c85f060-0-0-1\" class=\"so-panel widget_sow-button panel-last-child\" data-index=\"1\" ><div\n\t\t\t\n\t\t\tclass=\"so-widget-sow-button so-widget-sow-button-flat-2bef7610cfdb-3758\"\n\t\t\t\n\t\t><div class=\"ow-button-base ow-button-align-center\">\n\t<a\n\thref=\"mailto:info@movimentobloom.org.pt?subject=Forma\u00e7\u00e3o%20Forest%20Flow%20by%20Sharing%20Nature\"\n\t\tclass=\"ow-icon-placement-left ow-button-hover\" target=\"_blank\" rel=\"noopener noreferrer\" \t>\n\t\t<span>\n\t\t\t\n\t\t\tSAIBA MAIS\t\t<\/span>\n\t<\/a>\n<\/div>\n<\/div><\/div><\/div><\/div><\/div>\n\n\n<br\/><br\/>\n\n\n\n<div class=\"wp-block-gutena-accordion gutena-accordion-block gutena-accordion-block-912b12-00 is-layout-flow wp-block-accordion-is-layout-flow\" data-single=\"false\">\n<div class=\"wp-block-gutena-accordion-panel gutena-accordion-block__panel\">\n<div class=\"wp-block-gutena-accordion-panel-title gutena-accordion-block__panel-title\"><div class=\"gutena-accordion-block__panel-title-inner\">\n<h6 class=\"wp-block-heading has-text-align-left\" style=\"margin-top:0px;margin-right:0px;margin-bottom:0px;margin-left:0px\"><strong>METODOLOGIA E ABORDAGEM<\/strong><\/h6>\n<div class=\"trigger-plus-minus\"><div class=\"horizontal\"><\/div><div class=\"vertical\"><\/div><\/div><\/div><\/div>\n\n\n\n<div class=\"wp-block-gutena-accordion-panel-content gutena-accordion-block__panel-content\"><div class=\"gutena-accordion-block__panel-content-inner\">\n<p>Despertar o entusiasmo pela natureza nas crian\u00e7as n\u00e3o s\u00f3 contribui para que estas cres\u00e7am mais felizes, como cria um mundo de indiv\u00edduos conscientes. Neste workshop os participantes aprendem sobre&nbsp;<strong>Flow Learning \u2122<\/strong>&nbsp;, um m\u00e9todo de ensino surpreendentemente eficaz e f\u00e1cil de usar, adotado por professores e pais em todo o mundo.<\/p>\n\n\n\n<p>Nesta forma\u00e7\u00e3o, os participantes recebem ferramentas com as quais podem inspirar os outros, atrav\u00e9s da realiza\u00e7\u00e3o de atividades, de m\u00f3dulos de programa\u00e7\u00e3o e m\u00e9todos de aprendizagem, com os quais aprendem a orientar outros de uma forma din\u00e2mica e eficaz.<\/p>\n\n\n\n<p>Aprendem diversas atividades criativas da&nbsp;<strong>Sharing Nature \u00ae<\/strong>&nbsp;especialmente desenvolvidas para crian\u00e7as.<\/p>\n<\/div><\/div>\n<\/div>\n<\/div>\n\n\n\n<br\/>\n\n\n\n<hr\/>\n\n\n\n<br\/>\n\n\n<div id=\"pl-gb3758-69f5e6c86110a\"  class=\"panel-layout\" ><div id=\"pg-gb3758-69f5e6c86110a-0\"  class=\"panel-grid panel-no-style\" ><div id=\"pgc-gb3758-69f5e6c86110a-0-0\"  class=\"panel-grid-cell\" ><div id=\"panel-gb3758-69f5e6c86110a-0-0-0\" class=\"so-panel widget_text panel-first-child panel-last-child\" data-index=\"0\" ><h1 class=\"widget-title\">PALESTRAS E CONFER\u00caNCIAS<\/h1>\t\t\t<div class=\"textwidget\"><\/div>\n\t\t<\/div><\/div><\/div><div id=\"pg-gb3758-69f5e6c86110a-1\"  class=\"panel-grid panel-no-style\" ><div id=\"pgc-gb3758-69f5e6c86110a-1-0\"  class=\"panel-grid-cell\" ><div id=\"panel-gb3758-69f5e6c86110a-1-0-0\" class=\"so-panel widget_sow-image panel-first-child panel-last-child\" data-index=\"1\" ><div\n\t\t\t\n\t\t\tclass=\"so-widget-sow-image so-widget-sow-image-default-334eeca80698-3758\"\n\t\t\t\n\t\t>\n\n<div class=\"sow-image-container\">\n\t\t<img decoding=\"async\" src=\"https:\/\/www.movimentobloom.org.pt\/pt\/wp-content\/uploads\/2024\/03\/czM6Ly9tZWRpYS1wcml2YXRlLmNhbnZhLmNvbS9QeWd1SS9NQUZQY0dQeWd1SS8xL3AuanBn.jpeg\" width=\"549\" height=\"366\" srcset=\"https:\/\/www.movimentobloom.org.pt\/pt\/wp-content\/uploads\/2024\/03\/czM6Ly9tZWRpYS1wcml2YXRlLmNhbnZhLmNvbS9QeWd1SS9NQUZQY0dQeWd1SS8xL3AuanBn.jpeg 549w, https:\/\/www.movimentobloom.org.pt\/pt\/wp-content\/uploads\/2024\/03\/czM6Ly9tZWRpYS1wcml2YXRlLmNhbnZhLmNvbS9QeWd1SS9NQUZQY0dQeWd1SS8xL3AuanBn-300x200.jpeg 300w, https:\/\/www.movimentobloom.org.pt\/pt\/wp-content\/uploads\/2024\/03\/czM6Ly9tZWRpYS1wcml2YXRlLmNhbnZhLmNvbS9QeWd1SS9NQUZQY0dQeWd1SS8xL3AuanBn-272x182.jpeg 272w\" sizes=\"auto, (max-width: 549px) 100vw, 549px\" title=\"M\u00f3nica Franco &#8211; Formadora\" alt=\"\" loading=\"lazy\" \t\tclass=\"so-widget-image\"\/>\n\t<\/div>\n\n<\/div><\/div><\/div><div id=\"pgc-gb3758-69f5e6c86110a-1-1\"  class=\"panel-grid-cell\" ><div id=\"panel-gb3758-69f5e6c86110a-1-1-0\" class=\"so-panel widget_text panel-first-child panel-last-child\" data-index=\"2\" ><div id=\"formadora-text\" class=\"panel-widget-style panel-widget-style-for-gb3758-69f5e6c86110a-1-1-0\" ><h1 class=\"widget-title\">Formadora<\/h1>\t\t\t<div class=\"textwidget\"><p><a href=\"https:\/\/www.linkedin.com\/in\/monica-franco-75059240\/\" target=\"_blank\" rel=\"noopener\"><strong>\u00a0M\u00f3nica Franco<\/strong><\/a><\/p>\n<p>Para al\u00e9m de Presidente, M\u00f3nica coordena a \u00e1rea de Forma\u00e7\u00e3o do Movimento Bloom e \u00e9 speaker em palestras e confer\u00eancias nacionais e internacionais nas quais semeia a import\u00e2ncia de partirmos \u00e0 descoberta da nossa natureza atrav\u00e9s da metodologia Flow Learning. Faz interven\u00e7\u00f5es sobre a import\u00e2ncia do brincar, da experi\u00eancia Escola da Floresta Bloom e o impacto do contacto regular com a natureza no desenvolvimento das capacidades s\u00f3cio-emocionais.<\/p>\n<\/div>\n\t\t<\/div><\/div><\/div><\/div><\/div>\n\n\n<br\/>\n\n\n\n<div class=\"wp-block-gutena-accordion gutena-accordion-block gutena-accordion-block-6d7c24-17 is-layout-flow wp-block-accordion-is-layout-flow\" data-single=\"false\">\n<div class=\"wp-block-gutena-accordion-panel gutena-accordion-block__panel\">\n<div class=\"wp-block-gutena-accordion-panel-title gutena-accordion-block__panel-title\"><div class=\"gutena-accordion-block__panel-title-inner\">\n<h6 class=\"wp-block-heading has-text-align-left\" style=\"margin-top:0px;margin-right:0px;margin-bottom:0px;margin-left:0px\">PALESTRAS 2024<\/h6>\n<div class=\"trigger-plus-minus\"><div class=\"horizontal\"><\/div><div class=\"vertical\"><\/div><\/div><\/div><\/div>\n\n\n\n<div class=\"wp-block-gutena-accordion-panel-content gutena-accordion-block__panel-content\"><div class=\"gutena-accordion-block__panel-content-inner\">\n<p style=\"margin-top:0;margin-bottom:0\">&#8211; Col\u00f3quio Internacional <strong>&#8220;Inf\u00e2ncias em Contexto de Emerg\u00eancia Planet\u00e1ria&#8221;<\/strong> &#8211; Tema desemparedamento e Decolonialidade<\/p>\n<\/div><\/div>\n<\/div>\n\n\n\n<div class=\"wp-block-gutena-accordion-panel gutena-accordion-block__panel\">\n<div class=\"wp-block-gutena-accordion-panel-title gutena-accordion-block__panel-title\"><div class=\"gutena-accordion-block__panel-title-inner\">\n<h6 class=\"wp-block-heading has-text-align-left\" style=\"margin-top:0px;margin-right:0px;margin-bottom:0px;margin-left:0px\">PALESTRAS 2022<\/h6>\n<div class=\"trigger-plus-minus\"><div class=\"horizontal\"><\/div><div class=\"vertical\"><\/div><\/div><\/div><\/div>\n\n\n\n<div class=\"wp-block-gutena-accordion-panel-content gutena-accordion-block__panel-content\"><div class=\"gutena-accordion-block__panel-content-inner\">\n<p style=\"margin-top:0;margin-bottom:0\">&#8211; <strong>Festival Umundu<\/strong> \u2013<strong> \u201cEduca\u00e7\u00e3o Ambiental\u201d<\/strong> e a&nbsp; relev\u00e2ncia da proposta pedag\u00f3gica Forest School na forma\u00e7\u00e3o das crian\u00e7as e o v\u00ednculo com a sustentabilidade.<\/p>\n\n\n\n<p>&#8211; <strong>\u201cEduca\u00e7\u00e3o pela Natureza\u201d <\/strong>APEI (Associa\u00e7\u00e3o de Profissionais de Inf\u00e2ncia) com Claus Jensen da revista Inf\u00e2ncia na Europa e&nbsp;David Sobel, o famoso autor norte americano do livro \u201cThe Sky Above and the Mud Below\u201d.<\/p>\n<\/div><\/div>\n<\/div>\n\n\n\n<div class=\"wp-block-gutena-accordion-panel gutena-accordion-block__panel\">\n<div class=\"wp-block-gutena-accordion-panel-title gutena-accordion-block__panel-title\"><div class=\"gutena-accordion-block__panel-title-inner\">\n<h6 class=\"wp-block-heading has-text-align-left\" style=\"margin-top:0px;margin-right:0px;margin-bottom:0px;margin-left:0px\">PALESTRAS 2021<\/h6>\n<div class=\"trigger-plus-minus\"><div class=\"horizontal\"><\/div><div class=\"vertical\"><\/div><\/div><\/div><\/div>\n\n\n\n<div class=\"wp-block-gutena-accordion-panel-content gutena-accordion-block__panel-content\"><div class=\"gutena-accordion-block__panel-content-inner\">\n<p style=\"margin-top:0;margin-bottom:0\">&#8211; <strong>Acqua Content Conference<\/strong> &#8211; speaker no painel Sustentabilidade e A\u00e7\u00e3o Social.<\/p>\n<\/div><\/div>\n<\/div>\n\n\n\n<div class=\"wp-block-gutena-accordion-panel gutena-accordion-block__panel\">\n<div class=\"wp-block-gutena-accordion-panel-title gutena-accordion-block__panel-title\"><div class=\"gutena-accordion-block__panel-title-inner\">\n<h6 class=\"wp-block-heading has-text-align-left\" style=\"margin-top:0px;margin-right:0px;margin-bottom:0px;margin-left:0px\">PALESTRAS 2019<\/h6>\n<div class=\"trigger-plus-minus\"><div class=\"horizontal\"><\/div><div class=\"vertical\"><\/div><\/div><\/div><\/div>\n\n\n\n<div class=\"wp-block-gutena-accordion-panel-content gutena-accordion-block__panel-content\"><div class=\"gutena-accordion-block__panel-content-inner\">\n<p>&#8211;&nbsp;<strong>CRE Porto Serralves&nbsp;\u201cNatureza \u00e9 a Melhor Sala de Aula\u201d<\/strong> speaker;<\/p>\n\n\n\n<p>&#8211; <strong>\u201cBrincar na Natureza\u201d<\/strong> &#8211; speaker<\/p>\n<\/div><\/div>\n<\/div>\n\n\n\n<div class=\"wp-block-gutena-accordion-panel gutena-accordion-block__panel\">\n<div class=\"wp-block-gutena-accordion-panel-title gutena-accordion-block__panel-title\"><div class=\"gutena-accordion-block__panel-title-inner\">\n<h6 class=\"wp-block-heading has-text-align-left\" style=\"margin-top:0px;margin-right:0px;margin-bottom:0px;margin-left:0px\">PALESTRAS 2018<\/h6>\n<div class=\"trigger-plus-minus\"><div class=\"horizontal\"><\/div><div class=\"vertical\"><\/div><\/div><\/div><\/div>\n\n\n\n<div class=\"wp-block-gutena-accordion-panel-content gutena-accordion-block__panel-content\"><div class=\"gutena-accordion-block__panel-content-inner\">\n<p>&#8211;&nbsp;Participa\u00e7\u00e3o na&nbsp;<strong>Children&nbsp;&amp; Nature Network&nbsp;Leadership&nbsp;Summit<\/strong>&nbsp;na \u00e1rea&nbsp;GrassRoots&nbsp;&#8211; USA<\/p>\n<\/div><\/div>\n<\/div>\n\n\n\n<div class=\"wp-block-gutena-accordion-panel gutena-accordion-block__panel\">\n<div class=\"wp-block-gutena-accordion-panel-title gutena-accordion-block__panel-title\"><div class=\"gutena-accordion-block__panel-title-inner\">\n<h6 class=\"wp-block-heading has-text-align-left\" style=\"margin-top:0px;margin-right:0px;margin-bottom:0px;margin-left:0px\">PALESTRAS 2015<\/h6>\n<div class=\"trigger-plus-minus\"><div class=\"horizontal\"><\/div><div class=\"vertical\"><\/div><\/div><\/div><\/div>\n\n\n\n<div class=\"wp-block-gutena-accordion-panel-content gutena-accordion-block__panel-content\"><div class=\"gutena-accordion-block__panel-content-inner\">\n<p>&#8211; <strong>Children&nbsp;&amp; Nature Network Conference<\/strong> &#8211;&nbsp;Technology &amp;&nbsp;Nature&nbsp;Summit USA &#8211; Speaker&nbsp;no&nbsp;painel &#8220;Worldwide Inspiration&#8221;&nbsp;juntamente com um painel de oradores de renome como:&nbsp;Richard Louv Chairman Emeritus, Children &amp; Nature Network, Author, Last Child in the Woods and The Nature Principle;&nbsp;Gil Penalosa Executive Director, 8-80 Cities; Melina Gerosa Bellows Chief Education Officer, National Geographic Society. <\/p>\n<\/div><\/div>\n<\/div>\n<\/div>\n\n\n\n<br\/><br\/>\n\n\n<div id=\"pl-gb3758-69f5e6c8648b4\"  class=\"panel-layout\" ><div id=\"pg-gb3758-69f5e6c8648b4-0\"  class=\"panel-grid panel-no-style\" ><div id=\"pgc-gb3758-69f5e6c8648b4-0-0\"  class=\"panel-grid-cell\" ><div id=\"panel-gb3758-69f5e6c8648b4-0-0-0\" class=\"so-panel widget_sow-image panel-first-child panel-last-child\" data-index=\"0\" ><div\n\t\t\t\n\t\t\tclass=\"so-widget-sow-image so-widget-sow-image-default-8b5b6f678277-3758\"\n\t\t\t\n\t\t>\n\n<div class=\"sow-image-container\">\n\t\t<img decoding=\"async\" src=\"https:\/\/www.movimentobloom.org.pt\/pt\/wp-content\/uploads\/2024\/05\/nature-mentorship3-512x640.jpg\" width=\"512\" height=\"640\" sizes=\"auto, (max-width: 512px) 100vw, 512px\" title=\"nature mentorship3\" alt=\"Nature Mentorship\" loading=\"lazy\" \t\tclass=\"so-widget-image\"\/>\n\t<\/div>\n\n<\/div><\/div><\/div><div id=\"pgc-gb3758-69f5e6c8648b4-0-1\"  class=\"panel-grid-cell\" ><div id=\"panel-gb3758-69f5e6c8648b4-0-1-0\" class=\"so-panel widget_sow-image panel-first-child panel-last-child\" data-index=\"1\" ><div\n\t\t\t\n\t\t\tclass=\"so-widget-sow-image so-widget-sow-image-default-8b5b6f678277-3758\"\n\t\t\t\n\t\t>\n\n<div class=\"sow-image-container\">\n\t\t<img decoding=\"async\" src=\"https:\/\/www.movimentobloom.org.pt\/pt\/wp-content\/uploads\/2024\/05\/nature-mentorship2-512x640.jpg\" width=\"512\" height=\"640\" sizes=\"auto, (max-width: 512px) 100vw, 512px\" title=\"Reportagem da cerimo\u0301nia de entronizac\u0327a\u0303o de novos confrades da Confraria do Vinho do Porto com jantar e baile de gala\" alt=\"\" loading=\"lazy\" \t\tclass=\"so-widget-image\"\/>\n\t<\/div>\n\n<\/div><\/div><\/div><div id=\"pgc-gb3758-69f5e6c8648b4-0-2\"  class=\"panel-grid-cell\" ><div id=\"panel-gb3758-69f5e6c8648b4-0-2-0\" class=\"so-panel widget_sow-image panel-first-child panel-last-child\" data-index=\"2\" ><div\n\t\t\t\n\t\t\tclass=\"so-widget-sow-image so-widget-sow-image-default-8b5b6f678277-3758\"\n\t\t\t\n\t\t>\n\n<div class=\"sow-image-container\">\n\t\t<img decoding=\"async\" src=\"https:\/\/www.movimentobloom.org.pt\/pt\/wp-content\/uploads\/2024\/05\/nature-mentorship4-512x640.jpg\" width=\"512\" height=\"640\" sizes=\"auto, (max-width: 512px) 100vw, 512px\" title=\"nature mentorship4\" alt=\"\" loading=\"lazy\" \t\tclass=\"so-widget-image\"\/>\n\t<\/div>\n\n<\/div><\/div><\/div><\/div><\/div>","protected":false},"excerpt":{"rendered":"<p>A quem se destina? Forma\u00e7\u00e3o para profissionais de educa\u00e7\u00e3o e p\u00fablico em geral O que \u00e9? Abordagem Forest School (UK) + Metodologia Flow Learning\u2122 (USA)<\/p>\n","protected":false},"author":4,"featured_media":0,"parent":0,"menu_order":0,"comment_status":"closed","ping_status":"closed","template":"","meta":{"footnotes":""},"class_list":["post-3758","page","type-page","status-publish","hentry"],"_links":{"self":[{"href":"https:\/\/www.movimentobloom.org.pt\/pt\/wp-json\/wp\/v2\/pages\/3758","targetHints":{"allow":["GET"]}}],"collection":[{"href":"https:\/\/www.movimentobloom.org.pt\/pt\/wp-json\/wp\/v2\/pages"}],"about":[{"href":"https:\/\/www.movimentobloom.org.pt\/pt\/wp-json\/wp\/v2\/types\/page"}],"author":[{"embeddable":true,"href":"https:\/\/www.movimentobloom.org.pt\/pt\/wp-json\/wp\/v2\/users\/4"}],"replies":[{"embeddable":true,"href":"https:\/\/www.movimentobloom.org.pt\/pt\/wp-json\/wp\/v2\/comments?post=3758"}],"version-history":[{"count":103,"href":"https:\/\/www.movimentobloom.org.pt\/pt\/wp-json\/wp\/v2\/pages\/3758\/revisions"}],"predecessor-version":[{"id":4452,"href":"https:\/\/www.movimentobloom.org.pt\/pt\/wp-json\/wp\/v2\/pages\/3758\/revisions\/4452"}],"wp:attachment":[{"href":"https:\/\/www.movimentobloom.org.pt\/pt\/wp-json\/wp\/v2\/media?parent=3758"}],"curies":[{"name":"wp","href":"https:\/\/api.w.org\/{rel}","templated":true}]}}