{"id":3345,"date":"2024-02-22T14:53:14","date_gmt":"2024-02-22T14:53:14","guid":{"rendered":"https:\/\/www.movimentobloom.org.pt\/pt\/?page_id=3345"},"modified":"2024-02-27T13:50:27","modified_gmt":"2024-02-27T13:50:27","slug":"escola-da-floresta-bloom","status":"publish","type":"page","link":"https:\/\/www.movimentobloom.org.pt\/pt\/escola-da-floresta-bloom\/","title":{"rendered":"Escola da Floresta Bloom"},"content":{"rendered":"\n<p>Na <strong>Escola da Floresta Bloom<\/strong> somos apaixonados pela aprendizagem, pelo brincar ao ar livre, e pelo efeito positivo que isto tem nas crian\u00e7as. O nosso objetivo \u00e9 que as crian\u00e7as se sintam valorizadas, empoderadas, envolvidas e apaixonadas pela sua aprendizagem.<\/p>\n\n\n\n<br\/>\n\n\n\n<h2 class=\"wp-block-heading has-text-align-center\" style=\"font-size:20px\">PROGRAMAS ESCOLA DA FLORESTA BLOOM<\/h2>\n\n\n\n<br\/>\n\n\n\n<div class=\"wp-block-columns alignwide is-layout-flex wp-container-core-columns-is-layout-829b1d53 wp-block-columns-is-layout-flex\" style=\"margin-bottom:0\">\n<div class=\"wp-block-column has-text-color has-background has-link-color wp-elements-dc98b6dc8032f46b6156a5f0485121c0 is-layout-flow wp-block-column-is-layout-flow\" style=\"color:#000000;background-color:#f3f2eb;padding-top:2em;padding-right:2em;padding-bottom:2em;padding-left:2em;flex-basis:1000px\">\n<p class=\"tituloh1colunas\"><strong>NA FLORESTA<\/strong>\n\n\n\n<p class=\"has-text-align-center\" style=\"font-size:15px;line-height:1.5\">Trazemos a sua Escola \u00e0 Escola da Floresta Bloom!<\/p>\n\n\n\n<hr class=\"wp-block-separator has-text-color has-black-color has-alpha-channel-opacity has-black-background-color has-background is-style-wide\"\/>\n\n\n\n<p class=\"titulocolunas\"><strong>DESTINAT\u00c1RIOS<\/strong><\/p>\n\n\n\n<p class=\"has-text-align-center\" style=\"font-size:13px\">Crian\u00e7as do pr\u00e9-escolar, 1\u00ba e 2\u00ba Ciclos do Ensino B\u00e1sico;<\/p>\n\n\n\n<p class=\"titulocolunas\"><strong>LOCALIZA\u00c7\u00c3O<\/strong><\/p>\n\n\n\n<p class=\"has-text-align-center\" style=\"font-size:14px\">A decorrer na Quinta do Pis\u00e3o | Alcabideche \u2013 Cascais&nbsp;ou&nbsp;Quintinha de Monserrate \u2013 Sintra;<\/p>\n\n\n\n<p class=\"titulocolunas\"><strong>METODOLOGIA<\/strong><\/p>\n\n\n\n<p class=\"has-text-align-center\" style=\"font-size:14px\">Cruzamento da abordagem Forest School (UK) com o M\u00e9todo Flow Learning\u2122 (EUA). Atividades l\u00fadicas nas quais&nbsp;os alunos, atrav\u00e9s do brincar, entram em&nbsp;contato&nbsp;direto com a Natureza,&nbsp;o que possibilita uma oportunidade para aprofundar o conhecimento e os temas desenvolvidos na sala de aula (programa intra-curricular). <\/p>\n\n\n\n<p class=\"titulocolunas\"> <strong>PACOTES<\/strong><\/p>\n\n\n\n<p class=\"has-text-align-center\" style=\"font-size:14px\"> Pacote completo | 8 sess\u00f5es semanais consecutivas.<\/p>\n\n\n<div id=\"pl-gb3345-69f2aeb2df033\"  class=\"panel-layout\" ><div id=\"pg-gb3345-69f2aeb2df033-0\"  class=\"panel-grid panel-no-style\" ><div id=\"pgc-gb3345-69f2aeb2df033-0-0\"  class=\"panel-grid-cell\" ><div class=\"marginbotaocoluna panel-cell-style panel-cell-style-for-gb3345-69f2aeb2df033-0-0\" ><div id=\"panel-gb3345-69f2aeb2df033-0-0-0\" class=\"so-panel widget_sow-button panel-first-child panel-last-child\" data-index=\"0\" ><div\n\t\t\t\n\t\t\tclass=\"so-widget-sow-button so-widget-sow-button-flat-2bef7610cfdb-3345\"\n\t\t\t\n\t\t><div class=\"ow-button-base ow-button-align-center\">\n\t<a\n\thref=\"https:\/\/forms.gle\/VzZwV3PU2UTMo5pk7\"\n\t\tclass=\"ow-icon-placement-left ow-button-hover\" target=\"_blank\" rel=\"noopener noreferrer\" \t>\n\t\t<span>\n\t\t\t\n\t\t\tPR\u00c9-INSCRI\u00c7\u00c3O\t\t<\/span>\n\t<\/a>\n<\/div>\n<\/div><\/div><\/div><\/div><\/div><\/div><\/div>\n\n\n\n<div class=\"wp-block-column has-text-color has-background has-link-color wp-elements-52ffb20688f87f6fe02c89cbbc253e52 is-layout-flow wp-block-column-is-layout-flow\" style=\"color:#000000;background-color:#f3f2eb;padding-top:2em;padding-right:2em;padding-bottom:2em;padding-left:2em;flex-basis:1000px\">\n<p class=\"tituloh1colunas\"><strong>NA ESCOLA<\/strong>\n\n\n\n<p class=\"has-text-align-center\" style=\"font-size:15px;line-height:1.5\">Levamos a Escola da Floresta Bloom \u00e0 sua escola!<\/p>\n\n\n\n<hr class=\"wp-block-separator has-text-color has-black-color has-alpha-channel-opacity has-black-background-color has-background is-style-default\"\/>\n\n\n\n<p class=\"titulocolunas\"><strong>DESTINAT\u00c1RIOS<\/strong><\/p>\n\n\n\n<p class=\"has-text-align-center\" style=\"font-size:14px\">Crian\u00e7as do pr\u00e9-escolar, 1\u00ba e 2\u00ba Ciclos do Ensino B\u00e1sico;<\/p>\n\n\n\n<p class=\"titulocolunas\"><strong>LOCALIZA\u00c7\u00c3O<\/strong><\/p>\n\n\n\n<p class=\"has-text-align-center\" style=\"font-size:14px\">A decorrer na sua Escola ou perto da sua Escola. A combinar com o Movimento Bloom.<\/p>\n\n\n\n<p class=\"titulocolunas\"><strong>METODOLOGIA<\/strong><\/p>\n\n\n\n<p class=\"has-text-align-center\" style=\"font-size:14px\">Cruzamento da abordagem Forest School (UK) com o M\u00e9todo Flow Learning\u2122 (EUA). Adaptamos todos os jogos e atividades, que s\u00e3o transversais aos dois programas, a um local arborizado perto da sua Escola ou no recreio da sua Escola (programa intra-curricular). \u00c9 necess\u00e1rio um reconhecimento antecipado do local.<\/p>\n\n\n\n<p class=\"titulocolunas\"> <strong>PACOTES<\/strong><\/p>\n\n\n\n<p class=\"has-text-align-center\" style=\"font-size:14px\">Pacote completo | 8 sess\u00f5es semanais consecutivas; <br> Pacote experimental | 1 sess\u00e3o pontual; <br> Pacote anual | Sess\u00f5es regulares ao longo do ano letivo.<\/p>\n\n\n<div id=\"pl-gb3345-69f2aeb2e0d11\"  class=\"panel-layout\" ><div id=\"pg-gb3345-69f2aeb2e0d11-0\"  class=\"panel-grid panel-no-style\" ><div id=\"pgc-gb3345-69f2aeb2e0d11-0-0\"  class=\"panel-grid-cell\" ><div class=\"marginbotaocoluna2 panel-cell-style panel-cell-style-for-gb3345-69f2aeb2e0d11-0-0\" ><div id=\"panel-gb3345-69f2aeb2e0d11-0-0-0\" class=\"so-panel widget_sow-button panel-first-child panel-last-child\" data-index=\"0\" ><div\n\t\t\t\n\t\t\tclass=\"so-widget-sow-button so-widget-sow-button-flat-2bef7610cfdb-3345\"\n\t\t\t\n\t\t><div class=\"ow-button-base ow-button-align-center\">\n\t<a\n\thref=\"https:\/\/forms.gle\/VzZwV3PU2UTMo5pk7\"\n\t\tclass=\"ow-icon-placement-left ow-button-hover\" target=\"_blank\" rel=\"noopener noreferrer\" \t>\n\t\t<span>\n\t\t\t\n\t\t\tPR\u00c9-INSCRI\u00c7\u00c3O\t\t<\/span>\n\t<\/a>\n<\/div>\n<\/div><\/div><\/div><\/div><\/div><\/div><\/div>\n<\/div>\n\n\n\n<br\/>\n\n\n<div style=\"text-align: center;\">\n<p><iframe loading=\"lazy\" title=\"Movimento Bloom \u2014 Escola da Floresta\" src=\"https:\/\/player.vimeo.com\/video\/302423734?dnt=1&amp;app_id=122963\" width=\"640\" height=\"360\" frameborder=\"0\" allow=\"autoplay; fullscreen; picture-in-picture; clipboard-write\"><\/iframe><\/p>\n<\/div>\n\n<div id=\"pl-gb3345-69f2aeb2e1685\"  class=\"panel-layout\" ><div id=\"pg-gb3345-69f2aeb2e1685-0\"  class=\"panel-grid panel-has-style\" ><div class=\"siteorigin-panels-stretch panel-row-style panel-row-style-for-gb3345-69f2aeb2e1685-0\" data-stretch-type=\"full\" ><div id=\"pgc-gb3345-69f2aeb2e1685-0-0\"  class=\"panel-grid-cell\" ><div id=\"panel-gb3345-69f2aeb2e1685-0-0-0\" class=\"so-panel widget_siteorigin-panels-builder panel-first-child\" data-index=\"0\" ><div class=\"panel-widget-style panel-widget-style-for-gb3345-69f2aeb2e1685-0-0-0\" ><div id=\"pl-w65ddc7d5b663b\"  class=\"panel-layout\" ><div id=\"pg-w65ddc7d5b663b-0\"  class=\"panel-grid panel-no-style\" ><div id=\"pgc-w65ddc7d5b663b-0-0\"  class=\"panel-grid-cell\" ><div id=\"panel-w65ddc7d5b663b-0-0-0\" class=\"so-panel widget_sow-headline panel-first-child panel-last-child\" data-index=\"0\" ><div\n\t\t\t\n\t\t\tclass=\"so-widget-sow-headline so-widget-sow-headline-default-3e3d1966441d\"\n\t\t\t\n\t\t><div class=\"sow-headline-container \">\n\t<h2 class='sow-headline'>Contacte-nos para mais informa\u00e7\u00f5es<\/h2><p class='sow-sub-headline'>Ajudamos a encontrar o melhor programa para os seus alunos.<\/p><\/div>\n<\/div><\/div><\/div><\/div><\/div><\/div><\/div><div id=\"panel-gb3345-69f2aeb2e1685-0-0-1\" class=\"so-panel widget_sow-button panel-last-child\" data-index=\"1\" ><div\n\t\t\t\n\t\t\tclass=\"so-widget-sow-button so-widget-sow-button-flat-2bef7610cfdb-3345\"\n\t\t\t\n\t\t><div class=\"ow-button-base ow-button-align-center\">\n\t<a\n\thref=\"https:\/\/www.movimentobloom.org.pt\/pt\/contactos\/\"\n\t\tclass=\"ow-icon-placement-left ow-button-hover\" target=\"_blank\" rel=\"noopener noreferrer\" \t>\n\t\t<span>\n\t\t\t\n\t\t\tSAIBA MAIS\t\t<\/span>\n\t<\/a>\n<\/div>\n<\/div><\/div><\/div><\/div><\/div><\/div>\n\n\n<div class=\"wp-block-gutena-accordion gutena-accordion-block gutena-accordion-block-411261-1a is-layout-flow wp-block-accordion-is-layout-flow\" data-single=\"false\">\n<div class=\"wp-block-gutena-accordion-panel gutena-accordion-block__panel\">\n<div class=\"wp-block-gutena-accordion-panel-title gutena-accordion-block__panel-title\"><div class=\"gutena-accordion-block__panel-title-inner\">\n<h6 class=\"wp-block-heading has-text-align-left\" style=\"margin-top:0px;margin-right:0px;margin-bottom:0px;margin-left:0px\"><strong>APRENDIZAGENS ESSENCIAIS<\/strong><br>Conforme&nbsp;Perfil dos Alunos \u00e0 Sa\u00edda da Escolaridade Obrigat\u00f3ria<\/h6>\n<div class=\"trigger-plus-minus\"><div class=\"horizontal\"><\/div><div class=\"vertical\"><\/div><\/div><\/div><\/div>\n\n\n\n<div class=\"wp-block-gutena-accordion-panel-content gutena-accordion-block__panel-content\"><div class=\"gutena-accordion-block__panel-content-inner\">\n<p class=\"has-small-font-size\"><strong>\u00c1REAS DE CONHECIMENTO DISCIPLINAR &amp; PR\u00c1TICO<\/strong><br>Estudo do Meio<br>Ci\u00eancias Naturais<br>Express\u00f5es Art\u00edsticas<br>Express\u00f5es F\u00edsico-Motoras<\/p>\n\n\n\n<p class=\"has-small-font-size\"><strong>\u00c1REAS DE COMPET\u00caNCIA&nbsp;SOCIOEMOCIONAL &amp; F\u00cdSICOMOTORA <\/strong><\/p>\n\n\n\n<p class=\"has-small-font-size\">Resolu\u00e7\u00e3o de problemas<br>Pensamento cr\u00edtico e pensamento criativo<br>Relacionamento interpessoal<br>Desenvolvimento pessoal e autonomia<br>Bem-estar, sa\u00fade e ambiente<br>Consci\u00eancia e dom\u00ednio do corpo<\/p>\n<\/div><\/div>\n<\/div>\n\n\n\n<div class=\"wp-block-gutena-accordion-panel gutena-accordion-block__panel\">\n<div class=\"wp-block-gutena-accordion-panel-title gutena-accordion-block__panel-title\"><div class=\"gutena-accordion-block__panel-title-inner\">\n<h6 class=\"wp-block-heading has-text-align-left\" style=\"margin-top:0px;margin-right:0px;margin-bottom:0px;margin-left:0px\"><strong>COMO FAZEMOS? <br><\/strong>Cruzando a abordagem Forest School (UK) com o M\u00e9todo Flow Learning\u2122 (EUA) <\/h6>\n<div class=\"trigger-plus-minus\"><div class=\"horizontal\"><\/div><div class=\"vertical\"><\/div><\/div><\/div><\/div>\n\n\n\n<div class=\"wp-block-gutena-accordion-panel-content gutena-accordion-block__panel-content\"><div class=\"gutena-accordion-block__panel-content-inner\">\n<p>Forest School utiliza um leque de <strong>processos de aprendizagem centrados na crian\u00e7a<\/strong>, oferecendo-lhe a oportunidade de assumir riscos, apropriados ao ambiente e \u00e0s suas compet\u00eancias e capacidades, com o devido suporte, e fomentando nela a <strong>resili\u00eancia, confian\u00e7a,<\/strong> <strong>independ\u00eancia e criatividade.<\/strong><\/p>\n\n\n\n<p>Flow Learning \u2122 \u00e9 uma estrat\u00e9gia altamente eficaz de aprendizagem ao ar livre desenvolvida nos anos 70 pelo <strong>Professor Joseph Cornell<\/strong>, fundador da Sharing Nature Worldwide, e <strong>um dos cinco<\/strong> <strong>m\u00e9todos de aprendizagem recomendados <\/strong>pelo National Park Service (EUA), a par do trabalho de Maria Montessori, Howard Gardner, John Dewey e Jean Piaget.<\/p>\n\n\n\n<p>Esta metodologia l\u00fadico-criativa est\u00e1 estruturada em quatro est\u00e1gios &#8211; Despertar o Entusiasmo,<\/p>\n\n\n\n<p>Experi\u00eancia Direta, Focar a Aten\u00e7\u00e3o e Partilhar a Inspira\u00e7\u00e3o &#8211; que exploram os elementos b\u00e1sicos da aprendizagem: <strong>Fazer. Observar. Sentir e Pensar.<\/strong><\/p>\n\n\n\n<p>N\u00e3o \u00e9 exigido \u00e0s crian\u00e7as nenhum tipo de prepara\u00e7\u00e3o ou habilidade espec\u00edfica. As atividades s\u00e3o formuladas para estar ao alcance das suas capacidades, tendo em conta a faixa et\u00e1ria e n\u00edvel de desenvolvimento.<\/p>\n\n\n\n<p>Ap\u00f3s serem revistas as recomenda\u00e7\u00f5es de seguran\u00e7a, e as crian\u00e7as terem o equipamento<\/p>\n\n\n\n<p>adequado, d\u00e1-se inicio ao plano da sess\u00e3o que decorre em quase todas as condi\u00e7\u00f5es atmosf\u00e9ricas, sendo feita uma avalia\u00e7\u00e3o pr\u00e9via de risco de forma a garantir a seguran\u00e7a e integridade f\u00edsica dos participantes.<\/p>\n<\/div><\/div>\n<\/div>\n\n\n\n<div class=\"wp-block-gutena-accordion-panel gutena-accordion-block__panel\">\n<div class=\"wp-block-gutena-accordion-panel-title gutena-accordion-block__panel-title\"><div class=\"gutena-accordion-block__panel-title-inner\">\n<h6 class=\"wp-block-heading has-text-align-left\" style=\"margin-top:0px;margin-right:0px;margin-bottom:0px;margin-left:0px\"><strong>APOIOS INSTITUCIONAIS<\/strong><br>Conhe\u00e7a aqui os nossos Parceiros<\/h6>\n<div class=\"trigger-plus-minus\"><div class=\"horizontal\"><\/div><div class=\"vertical\"><\/div><\/div><\/div><\/div>\n\n\n\n<div class=\"wp-block-gutena-accordion-panel-content gutena-accordion-block__panel-content\"><div class=\"gutena-accordion-block__panel-content-inner\">\n<p>O projeto Escola da Floresta Bloom teve in\u00edcio em 2019 no \u00e2mbito das Academias de Conhecimento Gulbenkian num protocolo tripartido entre a associa\u00e7\u00e3o Movimento Bloom, a <strong>Funda\u00e7\u00e3o Calouste Gulbenkian<\/strong> e a <strong>Parques de Sintra-Monte da Lua<\/strong>. <\/p>\n\n\n\n<p>Esta primeira fase do projeto decorreu durante 9 meses no ano letivo 2019_2020 e consistiu em 16 sess\u00f5es semanais <em>outdoor <\/em> e  <br>16 sess\u00f5es semanais no espa\u00e7o exterior da escola, em hor\u00e1rio curricular, com a dura\u00e7\u00e3o de 2h cada para <strong>16 turmas do 1\u00ba ciclo <\/strong> (1\u00ba ao 4\u00ba ano) do Ensino B\u00e1sico da <strong>Escola B\u00e1sica da V\u00e1rzea<\/strong> em Sintra  e inclui a participa\u00e7\u00e3o dos professores e auxiliares t\u00e9cnicos.<\/p>\n\n\n\n<p>Numa segunda fase, que teve in\u00edcio em outubro de 2019 e que decorre at\u00e9 ao momento, a associa\u00e7\u00e3o Movimento Bloom renovou a parceria com a Parques de Sintra-Monte da Lua e a <strong>C\u00e2mara Municipal de Sintra<\/strong> associou-se tamb\u00e9m ao projeto. No \u00e2mbito deste novo protocolo <strong>mais de 350 crian\u00e7as, provenientes de 16 turmas de 11 escolas p\u00fablicas do concelho, frequentam semanalmente o programa ( 8 sess\u00f5es ) a t\u00edtulo gratuito.<\/strong><\/p>\n<\/div><\/div>\n<\/div>\n<\/div>\n","protected":false},"excerpt":{"rendered":"<p>Na Escola da Floresta Bloom somos apaixonados pela aprendizagem, pelo brincar ao ar livre, e pelo efeito positivo que isto tem nas crian\u00e7as. O nosso objetivo \u00e9 que as crian\u00e7as se sintam valorizadas, empoderadas, envolvidas e apaixonadas pela sua aprendizagem. PROGRAMAS ESCOLA DA FLORESTA BLOOM NA FLORESTA Trazemos a sua Escola \u00e0 Escola da Floresta <a href=\"https:\/\/www.movimentobloom.org.pt\/pt\/escola-da-floresta-bloom\/\" class=\"read-more\">Continue Reading<i class=\"ion-ios-arrow-right\"><\/i><\/a><\/p>\n","protected":false},"author":4,"featured_media":0,"parent":0,"menu_order":0,"comment_status":"closed","ping_status":"closed","template":"","meta":{"footnotes":""},"class_list":["post-3345","page","type-page","status-publish","hentry"],"_links":{"self":[{"href":"https:\/\/www.movimentobloom.org.pt\/pt\/wp-json\/wp\/v2\/pages\/3345","targetHints":{"allow":["GET"]}}],"collection":[{"href":"https:\/\/www.movimentobloom.org.pt\/pt\/wp-json\/wp\/v2\/pages"}],"about":[{"href":"https:\/\/www.movimentobloom.org.pt\/pt\/wp-json\/wp\/v2\/types\/page"}],"author":[{"embeddable":true,"href":"https:\/\/www.movimentobloom.org.pt\/pt\/wp-json\/wp\/v2\/users\/4"}],"replies":[{"embeddable":true,"href":"https:\/\/www.movimentobloom.org.pt\/pt\/wp-json\/wp\/v2\/comments?post=3345"}],"version-history":[{"count":176,"href":"https:\/\/www.movimentobloom.org.pt\/pt\/wp-json\/wp\/v2\/pages\/3345\/revisions"}],"predecessor-version":[{"id":3707,"href":"https:\/\/www.movimentobloom.org.pt\/pt\/wp-json\/wp\/v2\/pages\/3345\/revisions\/3707"}],"wp:attachment":[{"href":"https:\/\/www.movimentobloom.org.pt\/pt\/wp-json\/wp\/v2\/media?parent=3345"}],"curies":[{"name":"wp","href":"https:\/\/api.w.org\/{rel}","templated":true}]}}