{"id":2815,"date":"2023-11-27T11:31:23","date_gmt":"2023-11-27T11:31:23","guid":{"rendered":"https:\/\/www.movimentobloom.org.pt\/pt\/?page_id=2815"},"modified":"2026-01-27T16:31:54","modified_gmt":"2026-01-27T16:31:54","slug":"nature-wellbeing","status":"publish","type":"page","link":"https:\/\/www.movimentobloom.org.pt\/pt\/nature-wellbeing\/","title":{"rendered":"Nature Wellbeing"},"content":{"rendered":"<div id=\"pl-gb2815-69f708e7caeef\"  class=\"panel-layout\" ><div id=\"pg-gb2815-69f708e7caeef-0\"  class=\"panel-grid panel-no-style\" ><div id=\"pgc-gb2815-69f708e7caeef-0-0\"  class=\"panel-grid-cell\" ><div id=\"panel-gb2815-69f708e7caeef-0-0-0\" class=\"so-panel widget_text panel-first-child panel-last-child\" data-index=\"0\" ><h1 class=\"widget-title\">NATURE WELLBEING<\/h1>\t\t\t<div class=\"textwidget\"><p><strong>A quem se destina? <\/strong>P\u00fablico em geral, amantes do bem-estar, da natureza e curiosos.<\/p>\n<p><strong>O que \u00e9? <\/strong>Diversos programas para se reconectar com a natureza ao mesmo tempo que proporciona viv\u00eancias complementares para a felicidade, o bem estar, a\u00a0 sa\u00fade f\u00edsica e mental.<\/p>\n<p><strong>Benef\u00edcios? <\/strong>Passar tempo na natureza reduz o stress e ansiedade, diminui a press\u00e3o sangu\u00ednea, aumenta a fun\u00e7\u00e3o do sistema imunit\u00e1rio e melhora o bem estar geral.<\/p>\n<\/div>\n\t\t<\/div><\/div><\/div><div id=\"pg-gb2815-69f708e7caeef-1\"  class=\"panel-grid panel-no-style\" ><div id=\"pgc-gb2815-69f708e7caeef-1-0\"  class=\"panel-grid-cell\" ><div id=\"panel-gb2815-69f708e7caeef-1-0-0\" class=\"so-panel widget_sow-features panel-first-child\" data-index=\"1\" ><div\n\t\t\t\n\t\t\tclass=\"so-widget-sow-features so-widget-sow-features-default-1fc613ba9e96-2815\"\n\t\t\t\n\t\t>\n<div class=\"sow-features-list sow-features-responsive\">\n\n\t\t\t\t\t\t\t\t\t<div\n\t\t\t\tclass=\"sow-features-feature sow-icon-container-position-top sow-features-feature-last-row\"\n\t\t\t\tstyle=\"display: flex; flex-direction: column; width: 50%;\"\n\t\t\t>\n\t\t\t\n\t\t\t\t\t\t\t\t<div\n\t\t\t\t\tclass=\"sow-icon-container sow-container-round\"\n\t\t\t\t\tstyle=\"color: #ffffff; \"\n\t\t\t\t\ttitle=\"Bloom Walk\">\n\t\t\t\t\t<div class=\"sow-icon-image\" style=\"background-image: url(https:\/\/www.movimentobloom.org.pt\/pt\/wp-content\/uploads\/2022\/01\/6.png); font-size: 60px\"><\/div>\t\t\t\t<\/div>\n\t\t\t\t\n\t\t\t\t<div class=\"textwidget\">\n\t\t\t\t\t\n\t\t\t\t\t\t\t\t\t\t\t<h6>\n\t\t\t\t\t\t\t\n\t\t\t\t\t\t\tBLOOM WALK\t\t\t\t\t\t\t\t\t\t\t\t\t<\/h6>\n\t\t\t\t\t\n\t\t\t\t\t\t\t\t\t\t\t<p>\u00c9 mais do que uma simples caminhada, celebra os solst\u00edcios e equin\u00f3cios marcando a mudan\u00e7a das esta\u00e7\u00f5es e aproveitando a sua energia para a transforma\u00e7\u00e3o interior\/pessoal.<\/p>\n<p>Atrav\u00e9s de passeios imersivos e meditativos guiados, pr\u00e1ticas de aten\u00e7\u00e3o plena, exerc\u00edcios de reflex\u00e3o e terapias espec\u00edficas,\u00a0Bloom Walk s\u00e3o 4 sess\u00f5es cuidadosamente\u00a0criadas, cada uma alinhada com uma esta\u00e7\u00e3o espec\u00edfica.<\/p>\n<p>&nbsp;<\/p>\n\t\t\t\t\t\n\t\t\t\t\t\t\t\t\t<\/div>\n\t\t\t\t\t\t\t\t\n\t\t\t\t\t\t\t<\/div>\n\n\t\t\t\n<\/div>\n<\/div><\/div><div id=\"panel-gb2815-69f708e7caeef-1-0-1\" class=\"so-panel widget_sow-button\" data-index=\"2\" ><div\n\t\t\t\n\t\t\tclass=\"so-widget-sow-button so-widget-sow-button-flat-2bef7610cfdb-2815\"\n\t\t\t\n\t\t><div class=\"ow-button-base ow-button-align-center\">\n\t<a\n\thref=\"https:\/\/pinpay.pt\/hbGMvAFiox\"\n\t\tclass=\"ow-icon-placement-left ow-button-hover\" target=\"_blank\" rel=\"noopener noreferrer\" \t>\n\t\t<span>\n\t\t\t\n\t\t\tINSCRI\u00c7\u00d5ES\t\t<\/span>\n\t<\/a>\n<\/div>\n<\/div><\/div><div id=\"panel-gb2815-69f708e7caeef-1-0-2\" class=\"so-panel widget_sow-features\" data-index=\"3\" ><div\n\t\t\t\n\t\t\tclass=\"so-widget-sow-features so-widget-sow-features-default-1fc613ba9e96-2815\"\n\t\t\t\n\t\t>\n<div class=\"sow-features-list sow-features-responsive\">\n\n\t\t\t\t\t\t\t\t\t<div\n\t\t\t\tclass=\"sow-features-feature sow-icon-container-position-top sow-features-feature-last-row\"\n\t\t\t\tstyle=\"display: flex; flex-direction: column; width: 50%;\"\n\t\t\t>\n\t\t\t\n\t\t\t\t\t\t\t\t<div\n\t\t\t\t\tclass=\"sow-icon-container sow-container-round\"\n\t\t\t\t\tstyle=\"color: #ffffff; \"\n\t\t\t\t\ttitle=\"Datas 2026\">\n\t\t\t\t\t<div class=\"sow-icon-image\" style=\"background-image: url(https:\/\/www.movimentobloom.org.pt\/pt\/wp-content\/uploads\/2022\/01\/6.png); font-size: 60px\"><\/div>\t\t\t\t<\/div>\n\t\t\t\t\n\t\t\t\t<div class=\"textwidget\">\n\t\t\t\t\t\n\t\t\t\t\t\t\t\t\t\t\t<h6>\n\t\t\t\t\t\t\t\n\t\t\t\t\t\t\tBLOOM WALK\t\t\t\t\t\t\t\t\t\t\t\t\t<\/h6>\n\t\t\t\t\t\n\t\t\t\t\t\t\t\t\t\t\t<p>*Oferta especial\u00a0 <strong>Pack Bloom Walks<\/strong> &#8211; <strong>4 caminhadas sazonais em 2026<\/strong>\u00a0 (com 20% desconto )<\/p>\n<p><strong>Equin\u00f3cio Primavera<\/strong> | 21 Mar\u00e7o 2026<\/p>\n<p><strong>Solst\u00edcio Ver\u00e3o<\/strong> | 21 de Junho 2026<\/p>\n<p><strong>Equin\u00f3cio Outono<\/strong> | 26 Setembro 2026<\/p>\n<p><strong>Solst\u00edcio Inverno |<\/strong> 19 de Dezembro 2026<\/p>\n<p>&nbsp;<\/p>\n\t\t\t\t\t\n\t\t\t\t\t\t\t\t\t<\/div>\n\t\t\t\t\t\t\t\t\n\t\t\t\t\t\t\t<\/div>\n\n\t\t\t\n<\/div>\n<\/div><\/div><div id=\"panel-gb2815-69f708e7caeef-1-0-3\" class=\"so-panel widget_sow-button\" data-index=\"4\" ><div\n\t\t\t\n\t\t\tclass=\"so-widget-sow-button so-widget-sow-button-flat-2bef7610cfdb-2815\"\n\t\t\t\n\t\t><div class=\"ow-button-base ow-button-align-center\">\n\t<a\n\thref=\"https:\/\/pinpay.pt\/hbGMvAFiox\"\n\t\tclass=\"ow-icon-placement-left ow-button-hover\" target=\"_blank\" rel=\"noopener noreferrer\" \t>\n\t\t<span>\n\t\t\t\n\t\t\tINSCRI\u00c7\u00d5ES\t\t<\/span>\n\t<\/a>\n<\/div>\n<\/div><\/div><div id=\"panel-gb2815-69f708e7caeef-1-0-4\" class=\"so-panel widget_text panel-last-child\" data-index=\"5\" >\t\t\t<div class=\"textwidget\"><p><a href=\"mailto:info@movimentobloom.org.pt\"><strong>Para mais informa\u00e7\u00f5es envie mail para info@movimentobloom.org.pt<\/strong><\/a><\/p>\n<\/div>\n\t\t<\/div><\/div><\/div><\/div>\n\n<div id=\"pl-gb2815-69f708e7d1c6b\"  class=\"panel-layout\" ><div id=\"pg-gb2815-69f708e7d1c6b-0\"  class=\"panel-grid panel-no-style\" ><div id=\"pgc-gb2815-69f708e7d1c6b-0-0\"  class=\"panel-grid-cell\" ><div id=\"panel-gb2815-69f708e7d1c6b-0-0-0\" class=\"so-panel widget_sow-image panel-first-child panel-last-child\" data-index=\"0\" ><div\n\t\t\t\n\t\t\tclass=\"so-widget-sow-image so-widget-sow-image-default-8b5b6f678277-2815\"\n\t\t\t\n\t\t>\n\n<div class=\"sow-image-container\">\n\t\t<img decoding=\"async\" src=\"https:\/\/www.movimentobloom.org.pt\/pt\/wp-content\/uploads\/2024\/05\/Sound-healing--700x465.jpg\" width=\"700\" height=\"465\" srcset=\"https:\/\/www.movimentobloom.org.pt\/pt\/wp-content\/uploads\/2024\/05\/Sound-healing--700x465.jpg 700w, https:\/\/www.movimentobloom.org.pt\/pt\/wp-content\/uploads\/2024\/05\/Sound-healing--600x400.jpg 600w, https:\/\/www.movimentobloom.org.pt\/pt\/wp-content\/uploads\/2024\/05\/Sound-healing--300x200.jpg 300w, https:\/\/www.movimentobloom.org.pt\/pt\/wp-content\/uploads\/2024\/05\/Sound-healing--272x182.jpg 272w, https:\/\/www.movimentobloom.org.pt\/pt\/wp-content\/uploads\/2024\/05\/Sound-healing--950x630.jpg 950w\" sizes=\"auto, (max-width: 700px) 100vw, 700px\" title=\"Sound healing\" alt=\"\" loading=\"lazy\" \t\tclass=\"so-widget-image\"\/>\n\t<\/div>\n\n<\/div><\/div><\/div><div id=\"pgc-gb2815-69f708e7d1c6b-0-1\"  class=\"panel-grid-cell\" ><div id=\"panel-gb2815-69f708e7d1c6b-0-1-0\" class=\"so-panel widget_sow-image panel-first-child panel-last-child\" data-index=\"1\" ><div\n\t\t\t\n\t\t\tclass=\"so-widget-sow-image so-widget-sow-image-default-8b5b6f678277-2815\"\n\t\t\t\n\t\t>\n\n<div class=\"sow-image-container\">\n\t\t<img decoding=\"async\" src=\"https:\/\/www.movimentobloom.org.pt\/pt\/wp-content\/uploads\/2024\/05\/Sound-Healing-relax-700x465.jpg\" width=\"700\" height=\"465\" srcset=\"https:\/\/www.movimentobloom.org.pt\/pt\/wp-content\/uploads\/2024\/05\/Sound-Healing-relax-700x465.jpg 700w, https:\/\/www.movimentobloom.org.pt\/pt\/wp-content\/uploads\/2024\/05\/Sound-Healing-relax-272x182.jpg 272w, https:\/\/www.movimentobloom.org.pt\/pt\/wp-content\/uploads\/2024\/05\/Sound-Healing-relax-950x630.jpg 950w\" sizes=\"auto, (max-width: 700px) 100vw, 700px\" title=\"Sound Healing relax\" alt=\"\" loading=\"lazy\" \t\tclass=\"so-widget-image\"\/>\n\t<\/div>\n\n<\/div><\/div><\/div><div id=\"pgc-gb2815-69f708e7d1c6b-0-2\"  class=\"panel-grid-cell\" ><div id=\"panel-gb2815-69f708e7d1c6b-0-2-0\" class=\"so-panel widget_sow-image panel-first-child panel-last-child\" data-index=\"2\" ><div\n\t\t\t\n\t\t\tclass=\"so-widget-sow-image so-widget-sow-image-default-8b5b6f678277-2815\"\n\t\t\t\n\t\t>\n\n<div class=\"sow-image-container\">\n\t\t<img decoding=\"async\" src=\"https:\/\/www.movimentobloom.org.pt\/pt\/wp-content\/uploads\/2024\/05\/sound-healing-rest-512x640.jpg\" width=\"512\" height=\"640\" sizes=\"auto, (max-width: 512px) 100vw, 512px\" title=\"sound healing rest\" alt=\"\" loading=\"lazy\" \t\tclass=\"so-widget-image\"\/>\n\t<\/div>\n\n<\/div><\/div><\/div><\/div><\/div>","protected":false},"excerpt":{"rendered":"<p>A quem se destina? P\u00fablico em geral, amantes do bem-estar, da natureza e curiosos. O que \u00e9? Diversos programas para se reconectar com a natureza ao mesmo tempo que proporciona viv\u00eancias complementares para a felicidade, o bem estar, a\u00a0 sa\u00fade f\u00edsica e mental. Benef\u00edcios? Passar tempo na natureza reduz o stress e ansiedade, diminui a <a href=\"https:\/\/www.movimentobloom.org.pt\/pt\/nature-wellbeing\/\" class=\"read-more\">Continue Reading<i class=\"ion-ios-arrow-right\"><\/i><\/a><\/p>\n","protected":false},"author":4,"featured_media":0,"parent":0,"menu_order":0,"comment_status":"closed","ping_status":"closed","template":"","meta":{"footnotes":""},"class_list":["post-2815","page","type-page","status-publish","hentry"],"_links":{"self":[{"href":"https:\/\/www.movimentobloom.org.pt\/pt\/wp-json\/wp\/v2\/pages\/2815","targetHints":{"allow":["GET"]}}],"collection":[{"href":"https:\/\/www.movimentobloom.org.pt\/pt\/wp-json\/wp\/v2\/pages"}],"about":[{"href":"https:\/\/www.movimentobloom.org.pt\/pt\/wp-json\/wp\/v2\/types\/page"}],"author":[{"embeddable":true,"href":"https:\/\/www.movimentobloom.org.pt\/pt\/wp-json\/wp\/v2\/users\/4"}],"replies":[{"embeddable":true,"href":"https:\/\/www.movimentobloom.org.pt\/pt\/wp-json\/wp\/v2\/comments?post=2815"}],"version-history":[{"count":34,"href":"https:\/\/www.movimentobloom.org.pt\/pt\/wp-json\/wp\/v2\/pages\/2815\/revisions"}],"predecessor-version":[{"id":4402,"href":"https:\/\/www.movimentobloom.org.pt\/pt\/wp-json\/wp\/v2\/pages\/2815\/revisions\/4402"}],"wp:attachment":[{"href":"https:\/\/www.movimentobloom.org.pt\/pt\/wp-json\/wp\/v2\/media?parent=2815"}],"curies":[{"name":"wp","href":"https:\/\/api.w.org\/{rel}","templated":true}]}}