{"id":2623,"date":"2023-11-15T14:23:27","date_gmt":"2023-11-15T14:23:27","guid":{"rendered":"https:\/\/www.movimentobloom.org.pt\/pt\/?page_id=2623"},"modified":"2025-02-28T16:20:21","modified_gmt":"2025-02-28T16:20:21","slug":"formacoes","status":"publish","type":"page","link":"https:\/\/www.movimentobloom.org.pt\/pt\/formacoes\/","title":{"rendered":"Forma\u00e7\u00f5es na Floresta"},"content":{"rendered":"\n<p><strong>O Movimento Bloom tem como miss\u00e3o reconectar as pessoas com o ambiente que as rodeia e acreditamos que a natureza \u00e9 a melhor sala de aula para isso. <\/strong><\/p>\n\n\n\n<p>Contamos com a Presidente da Associa\u00e7\u00e3o Movimento Bloom, <strong>M\u00f3nica Franco<\/strong>, para nos guiar nas suas inspiradoras forma\u00e7\u00f5es quer seja ao n\u00edvel de partilha de conhecimento (<a href=\"https:\/\/www.movimentobloom.org.pt\/pt\/nature-mentorship\/\" data-type=\"link\" data-id=\"https:\/\/www.movimentobloom.org.pt\/pt\/nature-mentorship\/\" target=\"_blank\" rel=\"noreferrer noopener\">Nature Mentorship<\/a>) quer seja a p\u00f4r as m\u00e3os \u00e0 obra nos workshops (Nature Artisans Oficinas), quer seja atrav\u00e9s de terapias na floresta (Nature Wellbeing), em <strong>Portugal<\/strong> ou a n\u00edvel <strong>internacional<\/strong>.<\/p>\n\n\n\n<br\/>\n\n\n<div id=\"pl-gb2623-69f4a6f42c745\"  class=\"panel-layout\" ><div id=\"pg-gb2623-69f4a6f42c745-0\"  class=\"panel-grid panel-has-style\" ><div class=\"siteorigin-panels-stretch panel-row-style panel-row-style-for-gb2623-69f4a6f42c745-0\" data-stretch-type=\"full\" ><div id=\"pgc-gb2623-69f4a6f42c745-0-0\"  class=\"panel-grid-cell\" ><div id=\"panel-gb2623-69f4a6f42c745-0-0-0\" class=\"so-panel widget_sow-headline panel-first-child panel-last-child\" data-index=\"0\" ><div\n\t\t\t\n\t\t\tclass=\"so-widget-sow-headline so-widget-sow-headline-default-f7f532bd34f2-2623\"\n\t\t\t\n\t\t><div class=\"sow-headline-container \">\n\t<h2 class='sow-headline'>DESCUBRA OS NOSSOS PROGRAMAS<\/h2><\/div>\n<\/div><\/div><\/div><\/div><\/div><div id=\"pg-gb2623-69f4a6f42c745-1\"  class=\"panel-grid panel-no-style\" ><div id=\"pgc-gb2623-69f4a6f42c745-1-0\"  class=\"panel-grid-cell\" ><div id=\"panel-gb2623-69f4a6f42c745-1-0-0\" class=\"so-panel widget_sow-features panel-first-child\" data-index=\"1\" ><div\n\t\t\t\n\t\t\tclass=\"so-widget-sow-features so-widget-sow-features-default-30ac2f5f007d-2623\"\n\t\t\t\n\t\t>\n<div class=\"sow-features-list sow-features-responsive\">\n\n\t\t\t\t\t\t\t\t\t<div\n\t\t\t\tclass=\"sow-features-feature sow-icon-container-position-top sow-features-feature-last-row\"\n\t\t\t\tstyle=\"display: flex; flex-direction: column; width: 100%;\"\n\t\t\t>\n\t\t\t\n\t\t\t\t\t\t\t\t<div\n\t\t\t\t\tclass=\"sow-icon-container sow-container-round\"\n\t\t\t\t\tstyle=\"color: #d6ce8b; \"\n\t\t\t\t\ttitle=\"NATURE MENTORSHIP\">\n\t\t\t\t\t<div class=\"sow-icon-image\" style=\"background-image: url(https:\/\/www.movimentobloom.org.pt\/pt\/wp-content\/uploads\/2022\/01\/5.png); font-size: 60px\"><\/div>\t\t\t\t<\/div>\n\t\t\t\t\n\t\t\t\t<div class=\"textwidget\">\n\t\t\t\t\t\n\t\t\t\t\t\t\t\t\t\t\t<h5>\n\t\t\t\t\t\t\t\n\t\t\t\t\t\t\tNATURE MENTORSHIP\t\t\t\t\t\t\t\t\t\t\t\t\t<\/h5>\n\t\t\t\t\t\n\t\t\t\t\t\t\t\t\t\t\t<p>Forma\u00e7\u00e3o Forest Flow. Forma\u00e7\u00f5es customizadas para profissionais de educa\u00e7\u00e3o. Forma\u00e7\u00e3o em Sharing Nature. Palestras.<\/p>\n\t\t\t\t\t\n\t\t\t\t\t\t\t\t\t<\/div>\n\t\t\t\t\t\t\t\t\n\t\t\t\t\t\t\t<\/div>\n\n\t\t\t\n<\/div>\n<\/div><\/div><div id=\"panel-gb2623-69f4a6f42c745-1-0-1\" class=\"so-panel widget_sow-button panel-last-child\" data-index=\"2\" ><div\n\t\t\t\n\t\t\tclass=\"so-widget-sow-button so-widget-sow-button-flat-2bef7610cfdb-2623\"\n\t\t\t\n\t\t><div class=\"ow-button-base ow-button-align-center\">\n\t<a\n\thref=\"https:\/\/www.movimentobloom.org.pt\/pt\/nature-mentorship\/\"\n\t\tclass=\"ow-icon-placement-left ow-button-hover\" target=\"_blank\" rel=\"noopener noreferrer\" \t>\n\t\t<span>\n\t\t\t\n\t\t\tSAIBA MAIS\t\t<\/span>\n\t<\/a>\n<\/div>\n<\/div><\/div><\/div><div id=\"pgc-gb2623-69f4a6f42c745-1-1\"  class=\"panel-grid-cell\" ><div id=\"panel-gb2623-69f4a6f42c745-1-1-0\" class=\"so-panel widget_sow-features panel-first-child\" data-index=\"3\" ><div\n\t\t\t\n\t\t\tclass=\"so-widget-sow-features so-widget-sow-features-default-30ac2f5f007d-2623\"\n\t\t\t\n\t\t>\n<div class=\"sow-features-list sow-features-responsive\">\n\n\t\t\t\t\t\t\t\t\t<div\n\t\t\t\tclass=\"sow-features-feature sow-icon-container-position-top sow-features-feature-last-row\"\n\t\t\t\tstyle=\"display: flex; flex-direction: column; width: 100%;\"\n\t\t\t>\n\t\t\t\n\t\t\t\t\t\t\t\t<div\n\t\t\t\t\tclass=\"sow-icon-container sow-container-round\"\n\t\t\t\t\tstyle=\"color: #d6ce8b; \"\n\t\t\t\t\ttitle=\"NATURE WELLBEING\">\n\t\t\t\t\t<div class=\"sow-icon-image\" style=\"background-image: url(https:\/\/www.movimentobloom.org.pt\/pt\/wp-content\/uploads\/2022\/01\/6-1.png); font-size: 60px\"><\/div>\t\t\t\t<\/div>\n\t\t\t\t\n\t\t\t\t<div class=\"textwidget\">\n\t\t\t\t\t\n\t\t\t\t\t\t\t\t\t\t\t<h5>\n\t\t\t\t\t\t\t\n\t\t\t\t\t\t\tNATURE WELLBEING\t\t\t\t\t\t\t\t\t\t\t\t\t<\/h5>\n\t\t\t\t\t\n\t\t\t\t\t\t\t\t\t\t\t<p>Terapias na Floresta. Uma viagem que celebra os solst\u00edcios e equin\u00f3cios, aproveitando a sua energia para a transforma\u00e7\u00e3o interior.<\/p>\n\t\t\t\t\t\n\t\t\t\t\t\t\t\t\t<\/div>\n\t\t\t\t\t\t\t\t\n\t\t\t\t\t\t\t<\/div>\n\n\t\t\t\n<\/div>\n<\/div><\/div><div id=\"panel-gb2623-69f4a6f42c745-1-1-1\" class=\"so-panel widget_sow-button panel-last-child\" data-index=\"4\" ><div\n\t\t\t\n\t\t\tclass=\"so-widget-sow-button so-widget-sow-button-flat-2bef7610cfdb-2623\"\n\t\t\t\n\t\t><div class=\"ow-button-base ow-button-align-center\">\n\t<a\n\thref=\"https:\/\/www.movimentobloom.org.pt\/pt\/nature-wellbeing\/\"\n\t\tclass=\"ow-icon-placement-left ow-button-hover\" target=\"_blank\" rel=\"noopener noreferrer\" \t>\n\t\t<span>\n\t\t\t\n\t\t\tSAIBA MAIS\t\t<\/span>\n\t<\/a>\n<\/div>\n<\/div><\/div><\/div><div id=\"pgc-gb2623-69f4a6f42c745-1-2\"  class=\"panel-grid-cell\" ><div id=\"panel-gb2623-69f4a6f42c745-1-2-0\" class=\"so-panel widget_sow-features panel-first-child\" data-index=\"5\" ><div\n\t\t\t\n\t\t\tclass=\"so-widget-sow-features so-widget-sow-features-default-3b355f6d50be-2623\"\n\t\t\t\n\t\t>\n<div class=\"sow-features-list sow-features-responsive\">\n\n\t\t\t\t\t\t\t\t\t<div\n\t\t\t\tclass=\"sow-features-feature sow-icon-container-position-top sow-features-feature-last-row\"\n\t\t\t\tstyle=\"display: flex; flex-direction: column; width: 100%;\"\n\t\t\t>\n\t\t\t\n\t\t\t\t\t\t\t\t<div\n\t\t\t\t\tclass=\"sow-icon-container sow-container-round\"\n\t\t\t\t\tstyle=\"color: #d6ce8b; \"\n\t\t\t\t\ttitle=\"NATURE ARTISANS OFICINAS\">\n\t\t\t\t\t<div class=\"sow-icon-image\" style=\"background-image: url(https:\/\/www.movimentobloom.org.pt\/pt\/wp-content\/uploads\/2022\/01\/7-1.png); font-size: 60px\"><\/div>\t\t\t\t<\/div>\n\t\t\t\t\n\t\t\t\t<div class=\"textwidget\">\n\t\t\t\t\t\n\t\t\t\t\t\t\t\t\t\t\t<h5>\n\t\t\t\t\t\t\t\n\t\t\t\t\t\t\tNATURE ARTISANS OFICINAS\t\t\t\t\t\t\t\t\t\t\t\t\t<\/h5>\n\t\t\t\t\t\n\t\t\t\t\t\t\t\t\t\t\t<p>Oficinas de arte projetadas para se reconectar com a Natureza e despertar a sua imagina\u00e7\u00e3o. Venha explorar o artesanato.<\/p>\n\t\t\t\t\t\n\t\t\t\t\t\t\t\t\t<\/div>\n\t\t\t\t\t\t\t\t\n\t\t\t\t\t\t\t<\/div>\n\n\t\t\t\n<\/div>\n<\/div><\/div><div id=\"panel-gb2623-69f4a6f42c745-1-2-1\" class=\"so-panel widget_sow-button panel-last-child\" data-index=\"6\" ><div\n\t\t\t\n\t\t\tclass=\"so-widget-sow-button so-widget-sow-button-flat-2bef7610cfdb-2623\"\n\t\t\t\n\t\t><div class=\"ow-button-base ow-button-align-center\">\n\t<a\n\thref=\"https:\/\/www.movimentobloom.org.pt\/pt\/nature-artisans-oficinas\/\"\n\t\tclass=\"ow-icon-placement-left ow-button-hover\" target=\"_blank\" rel=\"noopener noreferrer\" \t>\n\t\t<span>\n\t\t\t\n\t\t\tSAIBA MAIS\t\t<\/span>\n\t<\/a>\n<\/div>\n<\/div><\/div><\/div><\/div><\/div>\n\n\n<br\/>\n\n\n\n<br\/>\n\n\n<div id=\"pl-gb2623-69f4a6f43282c\"  class=\"panel-layout\" ><div id=\"pg-gb2623-69f4a6f43282c-0\"  class=\"panel-grid panel-no-style\" ><div id=\"pgc-gb2623-69f4a6f43282c-0-0\"  class=\"panel-grid-cell\" ><div id=\"panel-gb2623-69f4a6f43282c-0-0-0\" class=\"so-panel widget_sow-headline panel-first-child panel-last-child\" data-index=\"0\" ><div\n\t\t\t\n\t\t\tclass=\"so-widget-sow-headline so-widget-sow-headline-default-f51e17177ed7-2623\"\n\t\t\t\n\t\t><div class=\"sow-headline-container \">\n\t<h4 class='sow-headline'>TESTEMUNHOS<\/h4><\/div>\n<\/div><\/div><\/div><\/div><\/div>\n\n<style type='text\/css' media='all'>#tss-container-251862047.tss-wrapper .tss-carousel1,\r\n\t\t\t\t\t\t\t#tss-container-251862047.tss-wrapper .tss-isotope1 .profile-img-wrapper:after,\r\n\t\t\t\t\t\t\t#tss-container-251862047.tss-wrapper .tss-layout9 .profile-img-wrapper:after,\r\n\t\t\t\t\t\t\t#tss-container-251862047.tss-wrapper .tss-isotope4 .profile-img-wrapper:after,\r\n\t\t\t\t\t\t\t#tss-container-251862047.tss-wrapper .tss-carousel9 .profile-img-wrapper:after {\r\n\t\t\t\t\t\t\t\tbackground: #ffffff !important;\r\n\t\t\t\t\t\t\t}#tss-container-251862047.tss-wrapper .tss-layout10 .item-content-wrapper,\r\n\t\t\t\t\t#tss-container-251862047.tss-wrapper .tss-isotope3 .item-content-wrapper,\r\n\t\t\t\t\t#tss-container-251862047.tss-wrapper .tss-isotope5 .item-content-wrapper,\r\n\t\t\t\t\t#tss-container-251862047.tss-wrapper .tss-carousel10 .item-content-wrapper{background: transparent;}#tss-container-251862047.tss-wrapper .tss-utility button,\r\n\t\t\t\t\t\t#tss-container-251862047.tss-wrapper .tss-carousel-main .swiper-arrow,\r\n\t\t\t\t\t\t#tss-container-251862047.tss-wrapper .tss-carousel-main .swiper-pagination-bullet,\r\n\t\t\t\t\t\t#tss-container-251862047.tss-wrapper .tss-carousel .swiper-arrow,\r\n\t\t\t\t\t\t#tss-container-251862047.tss-wrapper .tss-carousel .swiper-pagination-bullet,\r\n\t\t\t\t\t\t#tss-container-251862047.tss-wrapper .tss-utility .rt-button,\r\n\t\t\t\t\t\t#tss-container-251862047.tss-wrapper .tss-pagination ul.pagination-list li a,\r\n\t\t\t\t\t\t#tss-container-251862047.tss-wrapper .tss-isotope-button-wrapper .rt-iso-button{background-color: #d6ce8b;}#tss-container-251862047.tss-wrapper .single-item-wrapper h3.author-name,\r\n\t\t\t\t\t\t#tss-container-251862047.tss-wrapper .single-item-wrapper h3.author-name a{color:#d6ce8b;text-align:center;font-weight:bolder;font-size:14px;}#tss-container-251862047.tss-wrapper .single-item-wrapper h4.author-bio{color:#000000;text-align:center;font-weight:normal;font-size:12px;}#tss-container-251862047.tss-wrapper .single-item-wrapper .item-content{color:#0a0a0a;}<\/style><div class='rt-container-fluid tss-wrapper ' id='tss-container-251862047'  data-layout='carousel3' data-desktop-col='2'  data-tab-col='2'  data-mobile-col='1'><div data-title='Loading ...' class='rt-row tss-carousel3 tss-even tss-pre-loader'><div class=\"carousel-wrapper\"><div  class='tss-carousel swiper'\r\n\t\t\t\t\t\t\t\t\t\tdata-loop='false'\r\n\t\t\t\t\t\t\t\t\t\tdata-items-desktop='2'\r\n\t\t\t\t\t\t\t\t\t\tdata-items-tab='2'\r\n\t\t\t\t\t\t\t\t\t\tdata-items-mobile='1'\r\n\t\t\t\t\t\t\t\t\t\tdata-autoplay='true'\r\n\t\t\t\t\t\t\t\t\t\tdata-autoplay-timeout='5000'\r\n\t\t\t\t\t\t\t\t\t\tdata-autoplay-hover-pause='false'\r\n\t\t\t\t\t\t\t\t\t\tdata-dots='false'\r\n\t\t\t\t\t\t\t\t\t\tdata-nav='true'\r\n\t\t\t\t\t\t\t\t\t\tdata-lazy-load='false'\r\n\t\t\t\t\t\t\t\t\t\tdata-auto-height='true'\r\n\t\t\t\t\t\t\t\t\t\tdata-smart-speed='2000'\r\n\t\t\t\t\t\t\t\t\t\t><div class=\"swiper-wrapper\"><div class='rt-col-md-12 rt-col-sm-12 rt-col-xs-12 even-grid-item tss-grid-item slide-item swiper-slide even-grid-item default-margin'><div class=\"single-item-wrapper\"><div class=\"tss-meta-info\"><\/div><h3 class='author-name'>NUNO JAQUES<\/h3><h4 class=\"author-bio\"><span class='author-designation'>Professor do 3\u00ba Ciclo<\/span>, <span class='item-company'>CN Agrupamento do Alto dos Moinhos<\/span><\/h4><div class=\"item-content-wrapper\"><div class='item-content'>Um dia extraordin\u00e1rio de aprendizagem e de conv\u00edvio que me fez sentir muito bem. Imagino o impacto que ter\u00e1 tamb\u00e9m sobre os meus alunos.<\/div><\/div><\/div><\/div><div class='rt-col-md-12 rt-col-sm-12 rt-col-xs-12 even-grid-item tss-grid-item slide-item swiper-slide even-grid-item default-margin'><div class=\"single-item-wrapper\"><div class=\"tss-meta-info\"><\/div><h3 class='author-name'>ALEXANDRA AMARO<\/h3><h4 class=\"author-bio\"><span class='author-designation'>Professora 4\u00ba Ano<\/span>, <span class='item-company'>EB1\/JI Rinchoa 2<\/span><\/h4><div class=\"item-content-wrapper\"><div class='item-content'>A forma\u00e7\u00e3o Forest Flow coloca-nos em contacto direto com a natureza, permitindo-nos estabelecer liga\u00e7\u00f5es com os conte\u00fados program\u00e1ticos desafiando-nos a levar a sala de aula para o ar livre, onde todos somos mais felizes e percebemos que, tamb\u00e9m n\u00f3s, somos natureza.<\/div><\/div><\/div><\/div><div class='rt-col-md-12 rt-col-sm-12 rt-col-xs-12 even-grid-item tss-grid-item slide-item swiper-slide even-grid-item default-margin'><div class=\"single-item-wrapper\"><div class=\"tss-meta-info\"><\/div><h3 class='author-name'>SANDRA DUARTE<\/h3><h4 class=\"author-bio\"><span class='author-designation'>Professora do 3\u00ba Ciclo<\/span>, <span class='item-company'>EB 2,3 D. Pedro IV Sintra<\/span><\/h4><div class=\"item-content-wrapper\"><div class='item-content'>Com esta forma\u00e7\u00e3o \u00e9 refor\u00e7ado o poder da natureza em cada um de n\u00f3s e que \u00e9 essencial promover o contacto com a natureza com os nossos alunos pois s\u00f3 com estas experi\u00eancias de vida se pode realmente promover a\u00e7\u00f5es concretas de sustentabilidade e de preserva\u00e7\u00e3o da biodiversidade.<\/div><\/div><\/div><\/div><\/div><div class=\"swiper-arrow swiper-button-next\"><i class=\"rttss-right-open\"><\/i><\/div><div class=\"swiper-arrow swiper-button-prev\"><i class=\"rttss-left-open\"><\/i><\/div><\/div><\/div><div class=\"rt-loading-overlay\"><\/div><div class=\"rt-loading rt-ball-clip-rotate\"><div><\/div><\/div><\/div><\/div>","protected":false},"excerpt":{"rendered":"<p>O Movimento Bloom tem como miss\u00e3o reconectar as pessoas com o ambiente que as rodeia e acreditamos que a natureza \u00e9 a melhor sala de aula para isso. Contamos com a Presidente da Associa\u00e7\u00e3o Movimento Bloom, M\u00f3nica Franco, para nos guiar nas suas inspiradoras forma\u00e7\u00f5es quer seja ao n\u00edvel de partilha de conhecimento (Nature Mentorship) <a href=\"https:\/\/www.movimentobloom.org.pt\/pt\/formacoes\/\" class=\"read-more\">Continue Reading<i class=\"ion-ios-arrow-right\"><\/i><\/a><\/p>\n","protected":false},"author":4,"featured_media":0,"parent":0,"menu_order":0,"comment_status":"closed","ping_status":"closed","template":"","meta":{"footnotes":""},"class_list":["post-2623","page","type-page","status-publish","hentry"],"_links":{"self":[{"href":"https:\/\/www.movimentobloom.org.pt\/pt\/wp-json\/wp\/v2\/pages\/2623","targetHints":{"allow":["GET"]}}],"collection":[{"href":"https:\/\/www.movimentobloom.org.pt\/pt\/wp-json\/wp\/v2\/pages"}],"about":[{"href":"https:\/\/www.movimentobloom.org.pt\/pt\/wp-json\/wp\/v2\/types\/page"}],"author":[{"embeddable":true,"href":"https:\/\/www.movimentobloom.org.pt\/pt\/wp-json\/wp\/v2\/users\/4"}],"replies":[{"embeddable":true,"href":"https:\/\/www.movimentobloom.org.pt\/pt\/wp-json\/wp\/v2\/comments?post=2623"}],"version-history":[{"count":74,"href":"https:\/\/www.movimentobloom.org.pt\/pt\/wp-json\/wp\/v2\/pages\/2623\/revisions"}],"predecessor-version":[{"id":4216,"href":"https:\/\/www.movimentobloom.org.pt\/pt\/wp-json\/wp\/v2\/pages\/2623\/revisions\/4216"}],"wp:attachment":[{"href":"https:\/\/www.movimentobloom.org.pt\/pt\/wp-json\/wp\/v2\/media?parent=2623"}],"curies":[{"name":"wp","href":"https:\/\/api.w.org\/{rel}","templated":true}]}}