{"id":19,"date":"2019-01-08T11:25:18","date_gmt":"2019-01-08T11:25:18","guid":{"rendered":"http:\/\/www.movimentobloom.org.pt\/pt\/?page_id=19"},"modified":"2026-01-19T21:05:02","modified_gmt":"2026-01-19T21:05:02","slug":"quem-somos","status":"publish","type":"page","link":"https:\/\/www.movimentobloom.org.pt\/pt\/quem-somos\/","title":{"rendered":"Quem Somos"},"content":{"rendered":"\n<p><\/p>\n\n\n<div id=\"pl-gb19-69f52cd53dcf7\"  class=\"panel-layout\" ><div id=\"pg-gb19-69f52cd53dcf7-0\"  class=\"panel-grid panel-no-style\" ><div id=\"pgc-gb19-69f52cd53dcf7-0-0\"  class=\"panel-grid-cell\" ><div id=\"panel-gb19-69f52cd53dcf7-0-0-0\" class=\"so-panel widget_media_image panel-first-child panel-last-child\" data-index=\"0\" ><img loading=\"lazy\" decoding=\"async\" width=\"1280\" height=\"720\" src=\"https:\/\/www.movimentobloom.org.pt\/pt\/wp-content\/uploads\/2019\/01\/C0118T01.jpg\" class=\"image wp-image-230  attachment-full size-full\" alt=\"\" style=\"max-width: 100%; height: auto;\" srcset=\"https:\/\/www.movimentobloom.org.pt\/pt\/wp-content\/uploads\/2019\/01\/C0118T01.jpg 1280w, https:\/\/www.movimentobloom.org.pt\/pt\/wp-content\/uploads\/2019\/01\/C0118T01-300x169.jpg 300w, https:\/\/www.movimentobloom.org.pt\/pt\/wp-content\/uploads\/2019\/01\/C0118T01-768x432.jpg 768w, https:\/\/www.movimentobloom.org.pt\/pt\/wp-content\/uploads\/2019\/01\/C0118T01-1024x576.jpg 1024w\" sizes=\"auto, (max-width: 1280px) 100vw, 1280px\" \/><\/div><\/div><\/div><\/div>\n\n\n<p><strong><mark style=\"background-color:rgba(0, 0, 0, 0);color:#d6ce8b\" class=\"has-inline-color\">Somos um MOVIMENTO. Porque os movimentos movem-nos e comovem-nos!<\/mark><\/strong><\/p>\n\n\n\n<p><strong>A NOSSA MISS\u00c3O<\/strong><\/p>\n\n\n\n<p>Movimento Bloom \u00e9 uma <strong>ONGA<\/strong> &#8211; <em>Organiza\u00e7\u00e3o n\u00e3o governamental ambiental sem fins lucrativos&nbsp;<\/em>cuja miss\u00e3o \u00e9&nbsp;<strong>promover, incentivar e divulgar a conserva\u00e7\u00e3o do ambiente<\/strong> junto das <strong>crian\u00e7as, fam\u00edlias e profissionais de educa\u00e7\u00e3o<\/strong> atrav\u00e9s de iniciativas que <strong>visam a sua liga\u00e7\u00e3o emocional \u00e0 Natureza<\/strong>, contribuindo para que estas desempenhem um papel ativo na sua conserva\u00e7\u00e3o.&nbsp;<\/p>\n\n\n\n<p>Para cumprir esta miss\u00e3o, a Associa\u00e7\u00e3o Movimento Bloom promove um amplo <strong>programa de atividades l\u00fadico-pedag\u00f3gicas<\/strong> que cruzam a <strong>metodologia <em>Flow Learning<\/em><sup>TM<\/sup><\/strong> e a <strong>abordagem <em>Forest School<\/em><\/strong>, sempre em espa\u00e7os f\u00edsicos enquadrados no meio natural.<\/p>\n\n\n\n<p><strong>VIS\u00c3O<\/strong><\/p>\n\n\n\n<p><strong>Um futuro onde as crian\u00e7as sejam mais saud\u00e1veis, mais felizes e mais conscientes da sua rela\u00e7\u00e3o com o mundo que as rodeia atrav\u00e9s de intera\u00e7\u00f5es regulares e significativas com a natureza,<\/strong> impulsionadas pelo apoio e envolvimento das fam\u00edlias, educadores e comunidade.<\/p>\n\n\n\n<p><strong>VALORES<\/strong><\/p>\n\n\n\n<p>Coopera\u00e7\u00e3o, Qualidade, Liberdade, Conex\u00e3o, Transpar\u00eancia na gest\u00e3o.<\/p>\n\n\n\n<p><strong>OBJETIVOS<\/strong><\/p>\n\n\n\n<ul class=\"wp-block-list\">\n<li>Reconhecer que <strong>somos parte da Natureza<\/strong><\/li>\n\n\n\n<li>Despertar o <strong>sentimento de liga\u00e7\u00e3o e de amor<\/strong> pela Natureza<\/li>\n\n\n\n<li>Criar <strong>oportunidades \u00fanicas de aprendizagem e brincadeira livre<\/strong> com a Natureza<\/li>\n\n\n\n<li>Promover <strong>experi\u00eancias em fam\u00edlia<\/strong> que inspirem e incluam os adultos que fazem parte do universo da crian\u00e7a<\/li>\n\n\n\n<li>Promover a <strong>educa\u00e7\u00e3o ambiental atrav\u00e9s de uma abordagem l\u00fadica<\/strong><\/li>\n<\/ul>\n\n\n\n<p><\/p>\n\n\n\n<p><strong>ORG\u00c3OS SOCIAIS<\/strong><\/p>\n\n\n<div id=\"pl-gb19-69f52cd53fae8\"  class=\"panel-layout\" ><div id=\"pg-gb19-69f52cd53fae8-0\"  class=\"panel-grid panel-no-style\" ><div id=\"pgc-gb19-69f52cd53fae8-0-0\"  class=\"panel-grid-cell\" ><div id=\"panel-gb19-69f52cd53fae8-0-0-0\" class=\"so-panel widget_sow-features panel-first-child panel-last-child\" data-index=\"0\" ><div\n\t\t\t\n\t\t\tclass=\"so-widget-sow-features so-widget-sow-features-default-5181c80dc5f9-19\"\n\t\t\t\n\t\t>\n<div class=\"sow-features-list sow-features-responsive\">\n\n\t\t\t\t\t\t\t\t\t<div\n\t\t\t\tclass=\"sow-features-feature sow-icon-container-position-top sow-features-feature-last-row\"\n\t\t\t\tstyle=\"display: flex; flex-direction: column; width: 33.333%;\"\n\t\t\t>\n\t\t\t\n\t\t\t\t\t\t\t\t<div\n\t\t\t\t\tclass=\"sow-icon-container sow-container-round\"\n\t\t\t\t\tstyle=\"color: #6d6943; \"\n\t\t\t\t\t>\n\t\t\t\t\t<div class=\"sow-icon-image\" style=\"background-image: url(https:\/\/www.movimentobloom.org.pt\/pt\/wp-content\/uploads\/2024\/02\/9.png); font-size: 60px\"><\/div>\t\t\t\t<\/div>\n\t\t\t\t\n\t\t\t\t<div class=\"textwidget\">\n\t\t\t\t\t\n\t\t\t\t\t\t\t\t\t\t\t<h5>\n\t\t\t\t\t\t\t\n\t\t\t\t\t\t\tDIRE\u00c7\u00c3O\t\t\t\t\t\t\t\t\t\t\t\t\t<\/h5>\n\t\t\t\t\t\n\t\t\t\t\t\t\t\t\t\t\t<p>Presidente<strong> M\u00f3nica Franco<\/strong><\/p>\n<p>Vice-presidente <strong>Magda Morbey Ferro<\/strong><\/p>\n<p>Secret\u00e1rio <strong>Luciana Garcia<\/strong><\/p>\n\t\t\t\t\t\n\t\t\t\t\t\t\t\t\t<\/div>\n\t\t\t\t\t\t\t\t\n\t\t\t\t\t\t\t<\/div>\n\n\t\t\t\t\t\t\t\t<div\n\t\t\t\tclass=\"sow-features-feature sow-icon-container-position-top sow-features-feature-last-row\"\n\t\t\t\tstyle=\"display: flex; flex-direction: column; width: 33.333%;\"\n\t\t\t>\n\t\t\t\n\t\t\t\t\t\t\t\t<div\n\t\t\t\t\tclass=\"sow-icon-container sow-container-round\"\n\t\t\t\t\tstyle=\"color: #6d6943; \"\n\t\t\t\t\t>\n\t\t\t\t\t<div class=\"sow-icon-image\" style=\"background-image: url(https:\/\/www.movimentobloom.org.pt\/pt\/wp-content\/uploads\/2024\/02\/7.png); font-size: 60px\"><\/div>\t\t\t\t<\/div>\n\t\t\t\t\n\t\t\t\t<div class=\"textwidget\">\n\t\t\t\t\t\n\t\t\t\t\t\t\t\t\t\t\t<h5>\n\t\t\t\t\t\t\t\n\t\t\t\t\t\t\tMESA DA ASSEMBLEIA GERAL\t\t\t\t\t\t\t\t\t\t\t\t\t<\/h5>\n\t\t\t\t\t\n\t\t\t\t\t\t\t\t\t\t\t<p>Presidente <strong>Diogo Franco<\/strong><\/p>\n<p>Secret\u00e1rio <strong>Francisco Silva Santos<\/strong><\/p>\n<p>Secret\u00e1rio <strong>Ivone Pais de Carvalho<\/strong><\/p>\n\t\t\t\t\t\n\t\t\t\t\t\t\t\t\t<\/div>\n\t\t\t\t\t\t\t\t\n\t\t\t\t\t\t\t<\/div>\n\n\t\t\t\t\t\t\t\t<div\n\t\t\t\tclass=\"sow-features-feature sow-icon-container-position-top sow-features-feature-last-row\"\n\t\t\t\tstyle=\"display: flex; flex-direction: column; width: 33.333%;\"\n\t\t\t>\n\t\t\t\n\t\t\t\t\t\t\t\t<div\n\t\t\t\t\tclass=\"sow-icon-container sow-container-round\"\n\t\t\t\t\tstyle=\"color: #6d6943; \"\n\t\t\t\t\t>\n\t\t\t\t\t<div class=\"sow-icon-image\" style=\"background-image: url(https:\/\/www.movimentobloom.org.pt\/pt\/wp-content\/uploads\/2024\/02\/6.png); font-size: 60px\"><\/div>\t\t\t\t<\/div>\n\t\t\t\t\n\t\t\t\t<div class=\"textwidget\">\n\t\t\t\t\t\n\t\t\t\t\t\t\t\t\t\t\t<h5>\n\t\t\t\t\t\t\t\n\t\t\t\t\t\t\tCONSELHO FISCAL\t\t\t\t\t\t\t\t\t\t\t\t\t<\/h5>\n\t\t\t\t\t\n\t\t\t\t\t\t\t\t\t\t\t<p>Presidente <strong>Patr\u00edcia Magro<\/strong><\/p>\n<p>Vogal Relator <strong>Madalena Batista da Silva<\/strong><\/p>\n<p>Vogal Secret\u00e1rio <strong>Abel Rebelo dos Santos<\/strong><\/p>\n\t\t\t\t\t\n\t\t\t\t\t\t\t\t\t<\/div>\n\t\t\t\t\t\t\t\t\n\t\t\t\t\t\t\t<\/div>\n\n\t\t\t\n<\/div>\n<\/div><\/div><\/div><\/div><\/div>\n\n\n<p><\/p>\n\n\n\n<p><strong>RELAT\u00d3RIOS<\/strong><\/p>\n\n\n\n<p><a href=\"https:\/\/drive.google.com\/file\/d\/1I3xjzVTLn3lbghHG_xTcUSAOSpxuTZod\/view\">Relat\u00f3rio Anual 2024<\/a><\/p>\n\n\n\n<p><a href=\"https:\/\/drive.google.com\/file\/d\/14jNEWrXJxm_pf9M359cb6fpJ824qWzvY\/view?usp=sharing\">Relat\u00f3rio Contas 2024<\/a><\/p>\n\n\n\n<p><\/p>\n","protected":false},"excerpt":{"rendered":"<p>Somos um MOVIMENTO. Porque os movimentos movem-nos e comovem-nos! A NOSSA MISS\u00c3O Movimento Bloom \u00e9 uma ONGA &#8211; Organiza\u00e7\u00e3o n\u00e3o governamental ambiental sem fins lucrativos&nbsp;cuja miss\u00e3o \u00e9&nbsp;promover, incentivar e divulgar a conserva\u00e7\u00e3o do ambiente junto das crian\u00e7as, fam\u00edlias e profissionais de educa\u00e7\u00e3o atrav\u00e9s de iniciativas que visam a sua liga\u00e7\u00e3o emocional \u00e0 Natureza, contribuindo para <a href=\"https:\/\/www.movimentobloom.org.pt\/pt\/quem-somos\/\" class=\"read-more\">Continue Reading<i class=\"ion-ios-arrow-right\"><\/i><\/a><\/p>\n","protected":false},"author":1,"featured_media":0,"parent":0,"menu_order":0,"comment_status":"closed","ping_status":"closed","template":"","meta":{"footnotes":""},"class_list":["post-19","page","type-page","status-publish","hentry"],"_links":{"self":[{"href":"https:\/\/www.movimentobloom.org.pt\/pt\/wp-json\/wp\/v2\/pages\/19","targetHints":{"allow":["GET"]}}],"collection":[{"href":"https:\/\/www.movimentobloom.org.pt\/pt\/wp-json\/wp\/v2\/pages"}],"about":[{"href":"https:\/\/www.movimentobloom.org.pt\/pt\/wp-json\/wp\/v2\/types\/page"}],"author":[{"embeddable":true,"href":"https:\/\/www.movimentobloom.org.pt\/pt\/wp-json\/wp\/v2\/users\/1"}],"replies":[{"embeddable":true,"href":"https:\/\/www.movimentobloom.org.pt\/pt\/wp-json\/wp\/v2\/comments?post=19"}],"version-history":[{"count":31,"href":"https:\/\/www.movimentobloom.org.pt\/pt\/wp-json\/wp\/v2\/pages\/19\/revisions"}],"predecessor-version":[{"id":4388,"href":"https:\/\/www.movimentobloom.org.pt\/pt\/wp-json\/wp\/v2\/pages\/19\/revisions\/4388"}],"wp:attachment":[{"href":"https:\/\/www.movimentobloom.org.pt\/pt\/wp-json\/wp\/v2\/media?parent=19"}],"curies":[{"name":"wp","href":"https:\/\/api.w.org\/{rel}","templated":true}]}}